{"id":1181,"date":"2020-06-23T16:47:41","date_gmt":"2020-06-23T16:47:41","guid":{"rendered":"https:\/\/www.subparke.es\/?page_id=1181"},"modified":"2021-09-02T10:26:03","modified_gmt":"2021-09-02T10:26:03","slug":"covid19","status":"publish","type":"page","link":"https:\/\/www.subparke.es\/en\/covid19\/","title":{"rendered":"Informaci\u00f3n relativa al COVID-19"},"content":{"rendered":"<div class=\"flex_column av_one_full  flex_column_div av-zero-column-padding first  avia-builder-el-0  el_before_av_one_third  avia-builder-el-first\" style='border-radius:0px; '><div  style='padding-bottom:10px; ' class='av-special-heading av-special-heading-h2  blockquote modern-quote  avia-builder-el-1  avia-builder-el-no-sibling'><h2 class='av-special-heading-tag'  itemprop=\"headline\"  >Actuaciones y protocolos<\/h2><div class='special-heading-border'><div class='special-heading-inner-border' ><\/div><\/div><\/div><\/div>\n<div class='flex_column_table av-equal-height-column-flextable -flextable' ><div class=\"flex_column av_one_third  flex_column_table_cell av-equal-height-column av-align-middle av-zero-column-padding first  avia-builder-el-2  el_after_av_one_full  el_before_av_one_third  column-top-margin\" style='border-radius:0px; '><div  class='avia-image-container  av-styling-    avia-builder-el-3  avia-builder-el-no-sibling  avia-align-center'  itemprop=\"image\" itemscope=\"itemscope\" itemtype=\"https:\/\/schema.org\/ImageObject\"  ><div class='avia-image-container-inner'><div class='avia-image-overlay-wrap'><img decoding=\"async\" class='wp-image-1192 avia-img-lazy-loading-not-1192 avia_image' src=\"https:\/\/www.subparke.es\/wp-content\/uploads\/2020\/06\/logo-turismo-seguro-covid19-300x300.jpeg\" alt='' title='logo turismo seguro covid19' height=\"300\" width=\"300\"  itemprop=\"thumbnailUrl\" srcset=\"https:\/\/www.subparke.es\/wp-content\/uploads\/2020\/06\/logo-turismo-seguro-covid19-300x300.jpeg 300w, https:\/\/www.subparke.es\/wp-content\/uploads\/2020\/06\/logo-turismo-seguro-covid19-80x80.jpeg 80w, https:\/\/www.subparke.es\/wp-content\/uploads\/2020\/06\/logo-turismo-seguro-covid19-768x768.jpeg 768w, https:\/\/www.subparke.es\/wp-content\/uploads\/2020\/06\/logo-turismo-seguro-covid19-36x36.jpeg 36w, https:\/\/www.subparke.es\/wp-content\/uploads\/2020\/06\/logo-turismo-seguro-covid19-180x180.jpeg 180w, https:\/\/www.subparke.es\/wp-content\/uploads\/2020\/06\/logo-turismo-seguro-covid19-705x705.jpeg 705w, https:\/\/www.subparke.es\/wp-content\/uploads\/2020\/06\/logo-turismo-seguro-covid19-120x120.jpeg 120w, https:\/\/www.subparke.es\/wp-content\/uploads\/2020\/06\/logo-turismo-seguro-covid19-450x450.jpeg 450w, https:\/\/www.subparke.es\/wp-content\/uploads\/2020\/06\/logo-turismo-seguro-covid19.jpeg 770w\" sizes=\"(max-width: 300px) 100vw, 300px\" \/><\/div><\/div><\/div><\/div>\n<div class='av-flex-placeholder'><\/div><div class=\"flex_column av_one_third  flex_column_table_cell av-equal-height-column av-align-middle av-zero-column-padding   avia-builder-el-4  el_after_av_one_third  el_before_av_one_third  column-top-margin\" style='border-radius:0px; '><p><div  style='padding-bottom:10px; ' class='av-special-heading av-special-heading-h3  blockquote modern-quote modern-centered  avia-builder-el-5  el_before_av_button  avia-builder-el-first  av-linked-heading'><h3 class='av-special-heading-tag'  itemprop=\"headline\"  ><a href=\"https:\/\/www.subparke.es\/wp-content\/uploads\/2020\/06\/ficha_cliente.pdf\" target=\"_blank\" rel=\"noopener noreferrer\">FICHA DE CLIENTE<\/a><\/h3><div class ='av-subheading av-subheading_below' style='font-size:15px;'><p>Pulsa el bot\u00f3n para acceder a la ficha de cliente<\/p>\n<\/div><div class='special-heading-border'><div class='special-heading-inner-border' ><\/div><\/div><\/div><br \/>\n<div  class='avia-button-wrap avia-button-center  avia-builder-el-6  el_after_av_heading  avia-builder-el-last' ><a href='https:\/\/forms.gle\/E8hqdLuDPcJA5Ei79' class='avia-button  avia-color-dark   avia-icon_select-yes-left-icon avia-size-x-large avia-position-center' target=\"_blank\" rel=\"noopener noreferrer\"><span class='avia_button_icon avia_button_icon_left' aria-hidden='true' data-av_icon='\ue822' data-av_iconfont='entypo-fontello'><\/span><span class='avia_iconbox_title' >ACCEDER A FICHA DE CLIENTE<\/span><\/a><\/div><\/p><\/div>\n<div class='av-flex-placeholder'><\/div><div class=\"flex_column av_one_third  flex_column_table_cell av-equal-height-column av-align-middle av-zero-column-padding   avia-builder-el-7  el_after_av_one_third  el_before_av_one_full  column-top-margin\" style='border-radius:0px; '><div  class='avia-image-container  av-styling-    avia-builder-el-8  avia-builder-el-no-sibling  avia-align-center'  itemprop=\"image\" itemscope=\"itemscope\" itemtype=\"https:\/\/schema.org\/ImageObject\"  ><div class='avia-image-container-inner'><div class='avia-image-overlay-wrap'><img decoding=\"async\" class='wp-image-1201 avia-img-lazy-loading-not-1201 avia_image' src=\"https:\/\/www.subparke.es\/wp-content\/uploads\/2020\/06\/sello-andalucia-segura-300x291.jpg\" alt='' title='sello andalucia segura' height=\"291\" width=\"300\"  itemprop=\"thumbnailUrl\" srcset=\"https:\/\/www.subparke.es\/wp-content\/uploads\/2020\/06\/sello-andalucia-segura-300x291.jpg 300w, https:\/\/www.subparke.es\/wp-content\/uploads\/2020\/06\/sello-andalucia-segura-36x36.jpg 36w, https:\/\/www.subparke.es\/wp-content\/uploads\/2020\/06\/sello-andalucia-segura-450x436.jpg 450w, https:\/\/www.subparke.es\/wp-content\/uploads\/2020\/06\/sello-andalucia-segura.jpg 559w\" sizes=\"(max-width: 300px) 100vw, 300px\" \/><\/div><\/div><\/div><\/div><\/div><!--close column table wrapper. Autoclose: 1 -->\n<div class=\"flex_column av_one_full  flex_column_div av-zero-column-padding first  avia-builder-el-9  el_after_av_one_third  el_before_av_one_full  column-top-margin\" style='border-radius:0px; '><section class=\"av_textblock_section\"  itemscope=\"itemscope\" itemtype=\"https:\/\/schema.org\/CreativeWork\" ><div class='avia_textblock'   itemprop=\"text\" ><h3 class=\"card-title h3 mb-2 text-left\">C\u00f3mo se propaga<\/h3>\n<ul>\n<li>En estos momentos no existe una vacuna para prevenir la enfermedad del coronavirus 2019\u00a0(COVID-19).\u200b\u200b\u200b\u200b\u200b\u200b\u200b<\/li>\n<li><strong>La mejor manera de prevenir la enfermedad es evitar la exposici\u00f3n a este virus.<\/strong><\/li>\n<li>Se cree que el virus\u00a0<a href=\"https:\/\/espanol.cdc.gov\/coronavirus\/2019-ncov\/prevent-getting-sick\/how-covid-spreads.html\">se propaga principalmente de persona a persona.<\/a>.\n<ul>\n<li>Entre personas que est\u00e1n en contacto cercano (a una distancia de hasta aproximadamente 1.5 metros).<\/li>\n<li>A trav\u00e9s de gotitas respiratorias que se producen cuando una persona infectada tose, estornuda o habla.<\/li>\n<li>Estas gotitas pueden terminar en la boca o en la nariz de quienes se encuentran cerca o posiblemente ser inhaladas y llegar a los pulmones.<\/li>\n<li>Algunos estudios recientes sugieren que el COVID-19 puede propagarse a trav\u00e9s de personas que no presentan s\u00edntomas.<\/li>\n<\/ul>\n<\/li>\n<\/ul>\n<div class=\"row\">\n<div class=\"col-md-12\">\n<div class=\"card border-0 mb-3\">\n<div class=\"card-body bg-white\">\n<h2>Todas las personas deber\u00edan<\/h2>\n<\/div>\n<\/div>\n<\/div>\n<\/div>\n<div class=\"row\">\n<div class=\"col-md-12\">\n<div class=\"card border-0 mb-3\">\n<div class=\"card-body\">\n<div class=\"row\">\n<div class=\"card-icon pt-2 d-none d-md-block\"><span style=\"font-size: 20px; font-weight: 600;\">Lavarse las manos frecuentemente<\/span><\/div>\n<div class=\"col\">\n<ul>\n<li><a href=\"https:\/\/www.cdc.gov\/handwashing\/when-how-handwashing.html\">Lavarse las manos<\/a>\u00a0con frecuencia con agua y jab\u00f3n por al menos 20 segundos, especialmente despu\u00e9s de haber estado en un lugar p\u00fablico, o despu\u00e9s de sonarse la nariz, toser o estornudar.<\/li>\n<li>Si no dispone de agua y jab\u00f3n,\u00a0<strong>use un desinfectante de manos que contenga al menos un 60\u00a0% de alcohol<\/strong>. Cubra todas las superficies de las manos y fr\u00f3telas hasta que sienta que se secaron.<\/li>\n<li><strong>Evite tocarse<\/strong>\u00a0<strong>los ojos, la nariz y la boca<\/strong> sin haberse lavado las manos.<\/li>\n<\/ul>\n<\/div>\n<\/div>\n<\/div>\n<\/div>\n<\/div>\n<\/div>\n<div class=\"row\">\n<div class=\"col-md-12\">\n<div class=\"card border-0 mb-3\">\n<div class=\"card-body\">\n<div class=\"row\">\n<div class=\"col\">\n<h3 class=\"card-title h3 mb-2 text-left\">Evitar el contacto cercano<\/h3>\n<ul>\n<li><strong>Evite el contacto cercano con personas que est\u00e1n enfermas, incluso dentro de su casa.<\/strong>\u00a0De ser posible, mantenga una distancia de 6 pies entre la persona enferma y otros miembros de su hogar.<\/li>\n<li><strong>Mantenga distancia de otras personas fuera de su hogar<\/strong>.\n<ul>\n<li>Recuerde que algunas personas que no tienen s\u00edntomas pueden propagar el virus.<\/li>\n<li><a href=\"https:\/\/espanol.cdc.gov\/coronavirus\/2019-ncov\/prevent-getting-sick\/social-distancing.html\">Mantenga una distancia de al menos 1.5 metros (aproximadamente la longitud de 2 brazos) de otras personas<\/a>.<\/li>\n<li>Mantener distancia con los dem\u00e1s es especialmente importante para las\u00a0<a href=\"https:\/\/espanol.cdc.gov\/coronavirus\/2019-ncov\/need-extra-precautions\/people-at-higher-risk.html\">personas que tienen mayor riesgo de enfermar gravemente<\/a>.<\/li>\n<\/ul>\n<\/li>\n<\/ul>\n<\/div>\n<\/div>\n<\/div>\n<\/div>\n<\/div>\n<\/div>\n<div class=\"row\">\n<div class=\"col-md-12\">\n<div class=\"row-fluid\">\n<div class=\"vc_empty_space col-12 pb-3\"><\/div>\n<\/div>\n<\/div>\n<\/div>\n<div class=\"row\">\n<div class=\"col-md-12\">\n<div class=\"card border-0 mb-3\">\n<p><span style=\"font-size: 20px; font-weight: 600;\">Cubrirse la boca y la nariz con una mascarilla para la cara al estar rodeados de personas<\/span><\/p>\n<div class=\"card-body\">\n<div class=\"row\">\n<div class=\"col\">\n<ul>\n<li>Usted podr\u00eda propagar el COVID-19 incluso si no se siente enfermo.<\/li>\n<li>Todos deber\u00edan usar una mascarilla\u00a0cuando salen de sus casas, por ejemplo, para ir a la tienda de comestibles o para buscar otros productos necesarios.\n<ul>\n<li>Las mascarillas para la cara no se deber\u00edan usar en ni\u00f1os menores de 2 a\u00f1os ni en personas con problemas respiratorios o que est\u00e9n inconscientes, incapacitadas o no sean capaces de quit\u00e1rselas sin ayuda.<\/li>\n<\/ul>\n<\/li>\n<li>La mascarilla es para proteger a las dem\u00e1s personas en caso de que usted est\u00e9 infectado.<\/li>\n<li>Siga manteniendo una distancia de aproximadamente 1.5 metros de las dem\u00e1s personas.<\/li>\n<\/ul>\n<\/div>\n<\/div>\n<\/div>\n<\/div>\n<\/div>\n<\/div>\n<div class=\"row\">\n<div class=\"col-md-12\">\n<div class=\"card border-0 mb-3\">\n<div class=\"card-body\">\n<div class=\"row\">\n<div class=\"col\">\n<h3 class=\"card-title h3 mb-2 text-left\">Cubrirse la nariz y la boca al toser y estornudar<\/h3>\n<ul>\n<li><strong>Si usted est\u00e1 rodeado de personas y no lleva puesta una mascarilla, recuerde siempre cubrirse la boca y la nariz<\/strong>\u00a0con un pa\u00f1uelo desechable cuando tosa o estornude o c\u00fabrase con la parte interna del codo y no escupa.<\/li>\n<li><strong>Tire los pa\u00f1uelos desechables usados<\/strong>\u00a0a la basura.<\/li>\n<li><strong>L\u00e1vese las manos<\/strong> inmediatamente con agua y jab\u00f3n durante al menos 20 segundos. Si no dispone de agua y jab\u00f3n, l\u00edmpiese las manos con un desinfectante de manos que contenga al menos un 60 % de alcohol.<\/li>\n<\/ul>\n<\/div>\n<\/div>\n<\/div>\n<\/div>\n<\/div>\n<\/div>\n<div class=\"row\">\n<div class=\"col-md-12\">\n<div class=\"card border-0 mb-3\">\n<div class=\"card-body bg-white\">\n<div class=\"row\">\n<div class=\"col\">\n<h3 class=\"card-title h3 mb-2 text-left\">Limpie y desinfecte<\/h3>\n<ul class=\"false\">\n<li><strong>Limpie Y desinfecte\u00a0diariamente\u00a0<a href=\"https:\/\/espanol.cdc.gov\/coronavirus\/2019-ncov\/prevent-getting-sick\/disinfecting-your-home.html\">las superficies que se tocan con frecuencia<\/a>\u00a0<\/strong>. Esto incluye las mesas, las manetas de las puertas, los interruptores de luz, las mesas, las barandas, los escritorios, los tel\u00e9fonos, los teclados, los inodoros, los grifos, los lavamanos y los lavaplatos.<\/li>\n<li><strong>Si las superficies est\u00e1n sucias, l\u00edmpielas.<\/strong>\u00a0L\u00e1velas con agua y detergente o jab\u00f3n antes de desinfectarlas.<\/li>\n<li><strong>Luego, use un desinfectante de uso dom\u00e9stico.<\/strong>\u00a0La mayor\u00eda de los\u00a0<a class=\"tp-link-policy tp-link-policy\" href=\"https:\/\/www.epa.gov\/pesticide-registration\/list-n-disinfectants-use-against-sars-cov-2\" data-domain-ext=\"gov\">desinfectantes comunes para el hogar registrados <span class=\"sr-only\">de sitio externo<\/span><\/a>\u00a0 funcionar\u00e1n.<\/li>\n<\/ul>\n<\/div>\n<\/div>\n<\/div>\n<\/div>\n<\/div>\n<\/div>\n<div class=\"row\">\n<div class=\"col-md-12\">\n<div class=\"row-fluid\">\n<div class=\"vc_empty_space col-12 pb-3\"><\/div>\n<\/div>\n<\/div>\n<\/div>\n<div class=\"row\">\n<div class=\"col-md-12\">\n<div class=\"card border-0 mb-3\">\n<div class=\"card-body bg-white\">\n<div class=\"row\">\n<div class=\"col\">\n<h3 class=\"card-title h3 mb-2 text-left\">Compruebe su salud<\/h3>\n<ul class=\"false\">\n<li><strong>Est\u00e9 atento a los s\u00edntomas.<\/strong>\u00a0Est\u00e9 atento a la aparici\u00f3n de fiebre, tos, dificultad para respirar u\u00a0<a href=\"https:\/\/espanol.cdc.gov\/coronavirus\/2019-ncov\/symptoms-testing\/symptoms.html\">otros s\u00edntomas<\/a><strong>\u00a0del COVID-19.<\/strong>\n<ul>\n<li>Es sumamente importante si debe\u00a0<a href=\"https:\/\/espanol.cdc.gov\/coronavirus\/2019-ncov\/daily-life-coping\/essential-goods-services.html\">hacer mandados esenciales<\/a>, ir a la oficina o lugar de trabajo, y en entornos donde podr\u00eda ser dif\u00edcil mantener la\u00a0<a href=\"https:\/\/espanol.cdc.gov\/coronavirus\/2019-ncov\/prevent-getting-sick\/social-distancing.html\">distancia f\u00edsica de 1.5 metro<\/a>.<\/li>\n<\/ul>\n<\/li>\n<li><strong>Controle su temperatura<\/strong>\u00a0si presenta s\u00edntomas.\n<ul>\n<li>No controle su temperatura dentro de los 30 minutos posteriores de entrenar o despu\u00e9s de tomar medicamentos que podr\u00edan reducir su temperatura.<\/li>\n<\/ul>\n<\/li>\n<\/ul>\n<\/div>\n<\/div>\n<\/div>\n<\/div>\n<\/div>\n<\/div>\n<\/div><\/section><\/div>\n<div class=\"flex_column av_one_full  flex_column_div av-zero-column-padding first  avia-builder-el-11  el_after_av_one_full  avia-builder-el-last  column-top-margin\" style='border-radius:0px; '><p><div  style='padding-bottom:10px; ' class='av-special-heading av-special-heading-h2  blockquote modern-quote  avia-builder-el-12  el_before_av_textblock  avia-builder-el-first'><h2 class='av-special-heading-tag'  itemprop=\"headline\"  >Actuaciones y protocolos<\/h2><div class='special-heading-border'><div class='special-heading-inner-border' ><\/div><\/div><\/div><br \/>\n<section class=\"av_textblock_section\"  itemscope=\"itemscope\" itemtype=\"https:\/\/schema.org\/CreativeWork\" ><div class='avia_textblock'   itemprop=\"text\" ><p>En este espacio ponemos los protocolos y acciones llavadas a cabo para minimizar el riesgo de contagio<\/p>\n<\/div><\/section><\/p><\/div>","protected":false},"excerpt":{"rendered":"","protected":false},"author":2,"featured_media":0,"parent":0,"menu_order":0,"comment_status":"closed","ping_status":"closed","template":"","meta":{"_joinchat":[],"footnotes":""},"class_list":["post-1181","page","type-page","status-publish","hentry"],"_links":{"self":[{"href":"https:\/\/www.subparke.es\/en\/wp-json\/wp\/v2\/pages\/1181","targetHints":{"allow":["GET"]}}],"collection":[{"href":"https:\/\/www.subparke.es\/en\/wp-json\/wp\/v2\/pages"}],"about":[{"href":"https:\/\/www.subparke.es\/en\/wp-json\/wp\/v2\/types\/page"}],"author":[{"embeddable":true,"href":"https:\/\/www.subparke.es\/en\/wp-json\/wp\/v2\/users\/2"}],"replies":[{"embeddable":true,"href":"https:\/\/www.subparke.es\/en\/wp-json\/wp\/v2\/comments?post=1181"}],"version-history":[{"count":18,"href":"https:\/\/www.subparke.es\/en\/wp-json\/wp\/v2\/pages\/1181\/revisions"}],"predecessor-version":[{"id":1762,"href":"https:\/\/www.subparke.es\/en\/wp-json\/wp\/v2\/pages\/1181\/revisions\/1762"}],"wp:attachment":[{"href":"https:\/\/www.subparke.es\/en\/wp-json\/wp\/v2\/media?parent=1181"}],"curies":[{"name":"wp","href":"https:\/\/api.w.org\/{rel}","templated":true}]}}