{"id":1352,"date":"2021-07-14T08:43:26","date_gmt":"2021-07-14T08:43:26","guid":{"rendered":"https:\/\/www.subparke.es\/?page_id=1352"},"modified":"2022-11-23T10:51:31","modified_gmt":"2022-11-23T10:51:31","slug":"gestion-de-equipamiento-de-uso-publico","status":"publish","type":"page","link":"https:\/\/www.subparke.es\/en\/educacion-ambiental\/gestion-de-equipamiento-de-uso-publico\/","title":{"rendered":"Gesti\u00f3n de equipamiento de uso p\u00fablico"},"content":{"rendered":"<div id='full_slider_1'  class='avia-fullwidth-slider main_color avia-shadow   avia-builder-el-0  el_before_av_section  avia-builder-el-first   container_wrap sidebar_right' style=' '  ><div   data-size='no scaling'  data-lightbox_size='large'  data-animation='slide'  data-conditional_play=''  data-ids='1177'  data-video_counter='0'  data-autoplay='false'  data-bg_slider='false'  data-slide_height=''  data-handle='av_slideshow_full'  data-interval='5'  data-class=' '  data-el_id=''  data-css_id=''  data-scroll_down=''  data-control_layout='av-control-default'  data-custom_markup=''  data-perma_caption=''  data-autoplay_stopper=''  data-image_attachment=''  data-min_height='0px'  data-lazy_loading='disabled'  data-src=''  data-position='top left'  data-repeat='no-repeat'  data-attach='scroll'  data-stretch=''  class='avia-slideshow avia-slideshow-1  av-control-default av-default-height-applied avia-slideshow-no scaling av_slideshow_full   avia-slide-slider'  itemprop=\"image\" itemscope=\"itemscope\" itemtype=\"https:\/\/schema.org\/ImageObject\" ><ul class='avia-slideshow-inner' style='padding-bottom: 20.833333333333%;' ><li  class='av-single-slide slide-1' ><div data-rel='slideshow-1' class='avia-slide-wrap'   ><img decoding=\"async\" class=\"wp-image-1177 avia-img-lazy-loading-not-1177\"  src=\"https:\/\/www.subparke.es\/wp-content\/uploads\/2020\/02\/cab_eduambiental.jpg\" width=\"1920\" height=\"400\" title='cab_eduambiental' alt=''  itemprop=\"thumbnailUrl\" srcset=\"https:\/\/www.subparke.es\/wp-content\/uploads\/2020\/02\/cab_eduambiental.jpg 1920w, https:\/\/www.subparke.es\/wp-content\/uploads\/2020\/02\/cab_eduambiental-300x63.jpg 300w, https:\/\/www.subparke.es\/wp-content\/uploads\/2020\/02\/cab_eduambiental-1030x215.jpg 1030w, https:\/\/www.subparke.es\/wp-content\/uploads\/2020\/02\/cab_eduambiental-768x160.jpg 768w, https:\/\/www.subparke.es\/wp-content\/uploads\/2020\/02\/cab_eduambiental-1536x320.jpg 1536w, https:\/\/www.subparke.es\/wp-content\/uploads\/2020\/02\/cab_eduambiental-1500x313.jpg 1500w, https:\/\/www.subparke.es\/wp-content\/uploads\/2020\/02\/cab_eduambiental-705x147.jpg 705w, https:\/\/www.subparke.es\/wp-content\/uploads\/2020\/02\/cab_eduambiental-450x94.jpg 450w\" sizes=\"(max-width: 1920px) 100vw, 1920px\" \/><\/div><\/li><\/ul><\/div><\/div>\n<div id='av_section_1'  class='avia-section main_color avia-section-default avia-no-border-styling  avia-bg-style-scroll  avia-builder-el-1  el_after_av_slideshow_full  el_before_av_layout_row   container_wrap sidebar_right' style=' '  ><div class='container' ><div class='template-page content  av-content-small alpha units'><div class='post-entry post-entry-type-page post-entry-1352'><div class='entry-content-wrapper clearfix'>\n<div  style='padding-bottom:10px; ' class='av-special-heading av-special-heading-h1  blockquote modern-quote modern-centered  avia-builder-el-2  avia-builder-el-no-sibling'><h1 class='av-special-heading-tag'  itemprop=\"headline\"  >GESTI\u00d3N DE EQUIPAMIENTOS DE USO P\u00daBLICO<\/h1><div class='special-heading-border'><div class='special-heading-inner-border' ><\/div><\/div><\/div>\n\n<\/div><\/div><\/div><!-- close content main div --><\/div><\/div><div id='av-layout-grid-1'  class='av-layout-grid-container entry-content-wrapper main_color av-flex-cells     avia-builder-el-3  el_after_av_section  avia-builder-el-last  submenu-not-first container_wrap sidebar_right' style=' '  >\n<div class=\"flex_cell no_margin av_one_full  avia-builder-el-4  avia-builder-el-no-sibling\" ><div class='flex_cell_inner' ><p><div class='flex_column_table av-equal-height-column-flextable -flextable' ><div class=\"flex_column av_one_half  flex_column_table_cell av-equal-height-column av-align-top first  avia-builder-el-5  el_before_av_one_half  avia-builder-el-first\" style='box-shadow: 0 0 10px 0 rgba(0,0,0,0.3); padding:40px; border-radius:0px; '><p><div  style='padding-bottom:10px; ' class='av-special-heading av-special-heading-h1  blockquote modern-quote modern-centered  avia-builder-el-6  el_before_av_slideshow  avia-builder-el-first'><h1 class='av-special-heading-tag'  itemprop=\"headline\"  >Museo Geominero \u00abLA CASA DE LOS VOLCANES\u00bb<\/h1><div class='special-heading-border'><div class='special-heading-inner-border' ><\/div><\/div><\/div><br \/>\n<div   data-size='no scaling'  data-lightbox_size='large'  data-animation='fade'  data-conditional_play=''  data-ids='3433,3434,3435'  data-video_counter='0'  data-autoplay='true'  data-bg_slider='false'  data-slide_height=''  data-handle='av_slideshow'  data-interval='5'  data-class=' avia-builder-el-7  el_after_av_heading  el_before_av_textblock  '  data-el_id=''  data-css_id=''  data-scroll_down=''  data-control_layout='av-control-minimal av-control-minimal-dark'  data-custom_markup=''  data-perma_caption=''  data-autoplay_stopper=''  data-image_attachment=''  data-min_height='0px'  data-lazy_loading='disabled'  class='avia-slideshow avia-slideshow-2  av-control-minimal av-control-minimal-dark av-default-height-applied avia-slideshow-no scaling av_slideshow  avia-builder-el-7  el_after_av_heading  el_before_av_textblock   avia-fade-slider'  itemprop=\"image\" itemscope=\"itemscope\" itemtype=\"https:\/\/schema.org\/ImageObject\" ><ul class='avia-slideshow-inner' style='padding-bottom: 56.34765625%;' ><li  class='slide-1' ><div data-rel='slideshow-2' class='avia-slide-wrap'   ><img decoding=\"async\" class=\"wp-image-3433 avia-img-lazy-loading-not-3433\"  src=\"https:\/\/www.subparke.es\/wp-content\/uploads\/2022\/11\/volcanes01-1.jpg\" width=\"1024\" height=\"577\" title='volcanes01' alt=''  itemprop=\"thumbnailUrl\" srcset=\"https:\/\/www.subparke.es\/wp-content\/uploads\/2022\/11\/volcanes01-1.jpg 1024w, https:\/\/www.subparke.es\/wp-content\/uploads\/2022\/11\/volcanes01-1-300x169.jpg 300w, https:\/\/www.subparke.es\/wp-content\/uploads\/2022\/11\/volcanes01-1-768x433.jpg 768w, https:\/\/www.subparke.es\/wp-content\/uploads\/2022\/11\/volcanes01-1-705x397.jpg 705w\" sizes=\"(max-width: 1024px) 100vw, 1024px\" \/><\/div><\/li><li  class='slide-2' ><div data-rel='slideshow-2' class='avia-slide-wrap'   ><img decoding=\"async\" class=\"wp-image-3434 avia-img-lazy-loading-not-3434\"  src=\"https:\/\/www.subparke.es\/wp-content\/uploads\/2022\/11\/volcanes02-1.jpg\" width=\"1024\" height=\"577\" title='volcanes02' alt=''  itemprop=\"thumbnailUrl\" srcset=\"https:\/\/www.subparke.es\/wp-content\/uploads\/2022\/11\/volcanes02-1.jpg 1024w, https:\/\/www.subparke.es\/wp-content\/uploads\/2022\/11\/volcanes02-1-300x169.jpg 300w, https:\/\/www.subparke.es\/wp-content\/uploads\/2022\/11\/volcanes02-1-768x433.jpg 768w, https:\/\/www.subparke.es\/wp-content\/uploads\/2022\/11\/volcanes02-1-705x397.jpg 705w\" sizes=\"(max-width: 1024px) 100vw, 1024px\" \/><\/div><\/li><li  class='slide-3' ><div data-rel='slideshow-2' class='avia-slide-wrap'   ><img decoding=\"async\" class=\"wp-image-3435 avia-img-lazy-loading-not-3435\"  src=\"https:\/\/www.subparke.es\/wp-content\/uploads\/2022\/11\/volcanes03-1.jpg\" width=\"1024\" height=\"577\" title='volcanes03' alt=''  itemprop=\"thumbnailUrl\" srcset=\"https:\/\/www.subparke.es\/wp-content\/uploads\/2022\/11\/volcanes03-1.jpg 1024w, https:\/\/www.subparke.es\/wp-content\/uploads\/2022\/11\/volcanes03-1-300x169.jpg 300w, https:\/\/www.subparke.es\/wp-content\/uploads\/2022\/11\/volcanes03-1-768x433.jpg 768w, https:\/\/www.subparke.es\/wp-content\/uploads\/2022\/11\/volcanes03-1-705x397.jpg 705w\" sizes=\"(max-width: 1024px) 100vw, 1024px\" \/><\/div><\/li><\/ul><div class='avia-slideshow-arrows avia-slideshow-controls' ><a href='#prev' class='prev-slide' aria-hidden='true' data-av_icon='\ue87c' data-av_iconfont='entypo-fontello' tabindex='-1'>Previous<\/a><a href='#next' class='next-slide' aria-hidden='true' data-av_icon='\ue87d' data-av_iconfont='entypo-fontello' tabindex='-1'>Next<\/a><\/div><div class='avia-slideshow-dots avia-slideshow-controls'><a href='#1' class='goto-slide active' >1<\/a><a href='#2' class='goto-slide' >2<\/a><a href='#3' class='goto-slide' >3<\/a><\/div><\/div><br \/>\n<section class=\"av_textblock_section\"  itemscope=\"itemscope\" itemtype=\"https:\/\/schema.org\/CreativeWork\" ><div class='avia_textblock'   itemprop=\"text\" ><p>El ecomuseo La Casa de los Volcanes se ubica en un antiguo edificio que se denominaba Casa PAF (Precipitaci\u00f3n, Afino y Fundici\u00f3n), dedicado a la explotaci\u00f3n de mineral de oro en Rodalquilar, hasta el cierre de la explotaci\u00f3n en el a\u00f1o 1966.<\/p>\n<\/div><\/section><br \/>\n<div  class='avia-buttonrow-wrap avia-buttonrow-center   avia-builder-el-9  el_after_av_textblock  avia-builder-el-last'>\n<a href='https:\/\/www.juntadeandalucia.es\/medioambiente\/portal\/web\/ventanadelvisitante\/detalle-buscador-mapa\/-\/asset_publisher\/Jlbxh2qB3NwR\/content\/la-casa-de-los-volcanes\/255035' class='avia-button av-icon-on-hover avia-color-theme-color  avia-icon_select-yes-left-icon avia-size-large' target=\"_blank\" rel=\"noopener noreferrer\" style='margin-bottom:5px; margin-left:3px; margin-right:3px; '><span class='avia_button_icon avia_button_icon_left' aria-hidden='true' data-av_icon='\ue81f' data-av_iconfont='entypo-fontello'><\/span><span class='avia_iconbox_title' >M\u00c1S INFORMACI\u00d3N<\/span><\/a>\n<\/div><\/p><\/div><div class='av-flex-placeholder'><\/div><div class=\"flex_column av_one_half  flex_column_table_cell av-equal-height-column av-align-top   avia-builder-el-10  el_after_av_one_half  avia-builder-el-last\" style='box-shadow: 0 0 10px 0 rgba(0,0,0,0.3); padding:40px; border-radius:0px; '><p><div  style='padding-bottom:10px; ' class='av-special-heading av-special-heading-h1  blockquote modern-quote modern-centered  avia-builder-el-11  el_before_av_slideshow  avia-builder-el-first'><h1 class='av-special-heading-tag'  itemprop=\"headline\"  >Casas rurales \u00abVILLACEPILLO I y II\u00bb<\/h1><div class='special-heading-border'><div class='special-heading-inner-border' ><\/div><\/div><\/div><br \/>\n<div   data-size='no scaling'  data-lightbox_size='large'  data-animation='fade'  data-conditional_play=''  data-ids='3425,3423,3426,3424,3427'  data-video_counter='0'  data-autoplay='true'  data-bg_slider='false'  data-slide_height=''  data-handle='av_slideshow'  data-interval='5'  data-class=' avia-builder-el-12  el_after_av_heading  el_before_av_textblock  '  data-el_id=''  data-css_id=''  data-scroll_down=''  data-control_layout='av-control-minimal av-control-minimal-dark'  data-custom_markup=''  data-perma_caption=''  data-autoplay_stopper=''  data-image_attachment=''  data-min_height='0px'  data-lazy_loading='disabled'  class='avia-slideshow avia-slideshow-3  av-control-minimal av-control-minimal-dark av-default-height-applied avia-slideshow-no scaling av_slideshow  avia-builder-el-12  el_after_av_heading  el_before_av_textblock   avia-fade-slider'  itemprop=\"image\" itemscope=\"itemscope\" itemtype=\"https:\/\/schema.org\/ImageObject\" ><ul class='avia-slideshow-inner' style='padding-bottom: 56.333333333333%;' ><li  class='slide-1' ><div data-rel='slideshow-3' class='avia-slide-wrap'   ><img decoding=\"async\" class=\"wp-image-3425 avia-img-lazy-loading-not-3425\"  src=\"https:\/\/www.subparke.es\/wp-content\/uploads\/2022\/11\/vCepillo02-4.jpg\" width=\"1200\" height=\"676\" title='vCepillo02-4' alt=''  itemprop=\"thumbnailUrl\" srcset=\"https:\/\/www.subparke.es\/wp-content\/uploads\/2022\/11\/vCepillo02-4.jpg 1200w, https:\/\/www.subparke.es\/wp-content\/uploads\/2022\/11\/vCepillo02-4-300x169.jpg 300w, https:\/\/www.subparke.es\/wp-content\/uploads\/2022\/11\/vCepillo02-4-1030x580.jpg 1030w, https:\/\/www.subparke.es\/wp-content\/uploads\/2022\/11\/vCepillo02-4-768x433.jpg 768w, https:\/\/www.subparke.es\/wp-content\/uploads\/2022\/11\/vCepillo02-4-705x397.jpg 705w\" sizes=\"(max-width: 1200px) 100vw, 1200px\" \/><\/div><\/li><li  class='slide-2' ><div data-rel='slideshow-3' class='avia-slide-wrap'   ><img decoding=\"async\" class=\"wp-image-3423 avia-img-lazy-loading-not-3423\"  src=\"https:\/\/www.subparke.es\/wp-content\/uploads\/2022\/11\/vcepillo01-1.jpg\" width=\"1440\" height=\"811\" title='vcepillo01-1' alt=''  itemprop=\"thumbnailUrl\" srcset=\"https:\/\/www.subparke.es\/wp-content\/uploads\/2022\/11\/vcepillo01-1.jpg 1440w, https:\/\/www.subparke.es\/wp-content\/uploads\/2022\/11\/vcepillo01-1-300x169.jpg 300w, https:\/\/www.subparke.es\/wp-content\/uploads\/2022\/11\/vcepillo01-1-1030x580.jpg 1030w, https:\/\/www.subparke.es\/wp-content\/uploads\/2022\/11\/vcepillo01-1-768x433.jpg 768w, https:\/\/www.subparke.es\/wp-content\/uploads\/2022\/11\/vcepillo01-1-705x397.jpg 705w\" sizes=\"(max-width: 1440px) 100vw, 1440px\" \/><\/div><\/li><li  class='slide-3' ><div data-rel='slideshow-3' class='avia-slide-wrap'   ><img decoding=\"async\" class=\"wp-image-3426 avia-img-lazy-loading-not-3426\"  src=\"https:\/\/www.subparke.es\/wp-content\/uploads\/2022\/11\/vCepillo02-5.jpg\" width=\"1440\" height=\"811\" title='vCepillo02-5' alt=''  itemprop=\"thumbnailUrl\" srcset=\"https:\/\/www.subparke.es\/wp-content\/uploads\/2022\/11\/vCepillo02-5.jpg 1440w, https:\/\/www.subparke.es\/wp-content\/uploads\/2022\/11\/vCepillo02-5-300x169.jpg 300w, https:\/\/www.subparke.es\/wp-content\/uploads\/2022\/11\/vCepillo02-5-1030x580.jpg 1030w, https:\/\/www.subparke.es\/wp-content\/uploads\/2022\/11\/vCepillo02-5-768x433.jpg 768w, https:\/\/www.subparke.es\/wp-content\/uploads\/2022\/11\/vCepillo02-5-705x397.jpg 705w\" sizes=\"(max-width: 1440px) 100vw, 1440px\" \/><\/div><\/li><li  class='slide-4' ><div data-rel='slideshow-3' class='avia-slide-wrap'   ><img decoding=\"async\" class=\"wp-image-3424 avia-img-lazy-loading-not-3424\"  src=\"https:\/\/www.subparke.es\/wp-content\/uploads\/2022\/11\/vCepillo02-3.jpg\" width=\"1440\" height=\"811\" title='vCepillo02-3' alt=''  itemprop=\"thumbnailUrl\" srcset=\"https:\/\/www.subparke.es\/wp-content\/uploads\/2022\/11\/vCepillo02-3.jpg 1440w, https:\/\/www.subparke.es\/wp-content\/uploads\/2022\/11\/vCepillo02-3-300x169.jpg 300w, https:\/\/www.subparke.es\/wp-content\/uploads\/2022\/11\/vCepillo02-3-1030x580.jpg 1030w, https:\/\/www.subparke.es\/wp-content\/uploads\/2022\/11\/vCepillo02-3-768x433.jpg 768w, https:\/\/www.subparke.es\/wp-content\/uploads\/2022\/11\/vCepillo02-3-705x397.jpg 705w\" sizes=\"(max-width: 1440px) 100vw, 1440px\" \/><\/div><\/li><li  class='slide-5' ><div data-rel='slideshow-3' class='avia-slide-wrap'   ><img decoding=\"async\" class=\"wp-image-3427 avia-img-lazy-loading-not-3427\"  src=\"https:\/\/www.subparke.es\/wp-content\/uploads\/2022\/11\/villacepillo_I-8.jpeg\" width=\"1600\" height=\"901\" title='villacepillo_I-8' alt=''  itemprop=\"thumbnailUrl\" srcset=\"https:\/\/www.subparke.es\/wp-content\/uploads\/2022\/11\/villacepillo_I-8.jpeg 1600w, https:\/\/www.subparke.es\/wp-content\/uploads\/2022\/11\/villacepillo_I-8-300x169.jpeg 300w, https:\/\/www.subparke.es\/wp-content\/uploads\/2022\/11\/villacepillo_I-8-1030x580.jpeg 1030w, https:\/\/www.subparke.es\/wp-content\/uploads\/2022\/11\/villacepillo_I-8-768x432.jpeg 768w, https:\/\/www.subparke.es\/wp-content\/uploads\/2022\/11\/villacepillo_I-8-1536x865.jpeg 1536w, https:\/\/www.subparke.es\/wp-content\/uploads\/2022\/11\/villacepillo_I-8-1500x845.jpeg 1500w, https:\/\/www.subparke.es\/wp-content\/uploads\/2022\/11\/villacepillo_I-8-705x397.jpeg 705w\" sizes=\"(max-width: 1600px) 100vw, 1600px\" \/><\/div><\/li><\/ul><div class='avia-slideshow-arrows avia-slideshow-controls' ><a href='#prev' class='prev-slide' aria-hidden='true' data-av_icon='\ue87c' data-av_iconfont='entypo-fontello' tabindex='-1'>Previous<\/a><a href='#next' class='next-slide' aria-hidden='true' data-av_icon='\ue87d' data-av_iconfont='entypo-fontello' tabindex='-1'>Next<\/a><\/div><div class='avia-slideshow-dots avia-slideshow-controls'><a href='#1' class='goto-slide active' >1<\/a><a href='#2' class='goto-slide' >2<\/a><a href='#3' class='goto-slide' >3<\/a><a href='#4' class='goto-slide' >4<\/a><a href='#5' class='goto-slide' >5<\/a><\/div><\/div><br \/>\n<section class=\"av_textblock_section\"  itemscope=\"itemscope\" itemtype=\"https:\/\/schema.org\/CreativeWork\" ><div class='avia_textblock'   itemprop=\"text\" ><p><span class=\"ll4r2nl dir dir-ltr\">Preciosos alojamientos en una zona tranquila de Rodalquilar y a la vez a 2 minutos del la calle principal y zonas de ocio, enclave privilegiado junto a la iglesia y jard\u00edn bot\u00e1nico.<\/span><\/p>\n<\/div><\/section><br \/>\n<div  class='avia-buttonrow-wrap avia-buttonrow-center   avia-builder-el-14  el_after_av_textblock  avia-builder-el-last'>\n<a href='https:\/\/www.alojamientosrodalquilar.com' class='avia-button av-icon-on-hover avia-color-theme-color  avia-icon_select-yes-left-icon avia-size-large' target=\"_blank\" rel=\"noopener noreferrer\" style='margin-bottom:5px; margin-left:3px; margin-right:3px; '><span class='avia_button_icon avia_button_icon_left' aria-hidden='true' data-av_icon='\ue81f' data-av_iconfont='entypo-fontello'><\/span><span class='avia_iconbox_title' >M\u00c1S INFORMACI\u00d3N<\/span><\/a>\n<\/div><\/p><\/div><\/div><!--close column table wrapper. Autoclose: 1 --><\/p>\n<\/div><\/div><\/div>","protected":false},"excerpt":{"rendered":"","protected":false},"author":2,"featured_media":0,"parent":1174,"menu_order":0,"comment_status":"closed","ping_status":"closed","template":"","meta":{"_joinchat":[],"footnotes":""},"class_list":["post-1352","page","type-page","status-publish","hentry"],"_links":{"self":[{"href":"https:\/\/www.subparke.es\/en\/wp-json\/wp\/v2\/pages\/1352","targetHints":{"allow":["GET"]}}],"collection":[{"href":"https:\/\/www.subparke.es\/en\/wp-json\/wp\/v2\/pages"}],"about":[{"href":"https:\/\/www.subparke.es\/en\/wp-json\/wp\/v2\/types\/page"}],"author":[{"embeddable":true,"href":"https:\/\/www.subparke.es\/en\/wp-json\/wp\/v2\/users\/2"}],"replies":[{"embeddable":true,"href":"https:\/\/www.subparke.es\/en\/wp-json\/wp\/v2\/comments?post=1352"}],"version-history":[{"count":19,"href":"https:\/\/www.subparke.es\/en\/wp-json\/wp\/v2\/pages\/1352\/revisions"}],"predecessor-version":[{"id":3432,"href":"https:\/\/www.subparke.es\/en\/wp-json\/wp\/v2\/pages\/1352\/revisions\/3432"}],"up":[{"embeddable":true,"href":"https:\/\/www.subparke.es\/en\/wp-json\/wp\/v2\/pages\/1174"}],"wp:attachment":[{"href":"https:\/\/www.subparke.es\/en\/wp-json\/wp\/v2\/media?parent=1352"}],"curies":[{"name":"wp","href":"https:\/\/api.w.org\/{rel}","templated":true}]}}