{"id":1650,"date":"2021-11-14T19:07:27","date_gmt":"2021-11-14T19:07:27","guid":{"rendered":"https:\/\/www.subparke.es\/?page_id=1650"},"modified":"2021-11-14T20:20:52","modified_gmt":"2021-11-14T20:20:52","slug":"plantas-inteligentes-adaptadas-al-semiarido","status":"publish","type":"page","link":"https:\/\/www.subparke.es\/en\/educacion-ambiental\/proyectos-educacion-ambiental\/proyecto-red-natura-2000\/plantas-inteligentes-adaptadas-al-semiarido\/","title":{"rendered":"PLANTAS INTELIGENTES ADAPTADAS AL SEMI\u00c1RIDO"},"content":{"rendered":"<div id='av_section_1'  class='avia-section alternate_color avia-section-default avia-no-border-styling  avia-bg-style-scroll  avia-builder-el-0  el_before_av_section  avia-builder-el-first   container_wrap sidebar_right' style=' '  ><div class='container' ><main  role=\"main\" itemprop=\"mainContentOfPage\"  class='template-page content  av-content-small alpha units'><div class='post-entry post-entry-type-page post-entry-1650'><div class='entry-content-wrapper clearfix'>\n<div class=\"flex_column av_one_full  flex_column_div first  avia-builder-el-1  avia-builder-el-no-sibling\" style='padding:30px; border-radius:0px; '><div  style='padding-bottom:10px; color:#ffffff;' class='av-special-heading av-special-heading-h2 custom-color-heading blockquote modern-quote modern-centered  avia-builder-el-2  avia-builder-el-no-sibling'><h2 class='av-special-heading-tag'  itemprop=\"headline\"  >PLANTAS INTELIGENTES ADAPTADAS AL SEMI\u00c1RIDO<\/h2><div class='special-heading-border'><div class='special-heading-inner-border' style='border-color:#ffffff'><\/div><\/div><\/div><\/div><\/div><\/div><\/main><!-- close content main element --><\/div><\/div><div id='av_section_2'  class='avia-section main_color avia-section-small avia-no-border-styling  avia-bg-style-scroll  avia-builder-el-3  el_after_av_section  el_before_av_section   container_wrap sidebar_right' style=' '  ><div class='container' ><div class='template-page content  av-content-small alpha units'><div class='post-entry post-entry-type-page post-entry-1650'><div class='entry-content-wrapper clearfix'>\n<div class='flex_column_table av-equal-height-column-flextable -flextable' ><div class=\"flex_column av_two_fifth  flex_column_table_cell av-equal-height-column av-align-middle first  avia-builder-el-4  el_before_av_three_fifth  avia-builder-el-first\" style='background: #ffffff; border-width:1px; border-style:solid; padding:25px; background-color:#ffffff; border-radius:0px; '><div  style='padding-bottom:10px; ' class='av-special-heading av-special-heading-h4  blockquote modern-quote modern-centered  avia-builder-el-5  avia-builder-el-no-sibling'><h4 class='av-special-heading-tag'  itemprop=\"headline\"  >NOMBRE DE LA ACCI\u00d3N<\/h4><div class='special-heading-border'><div class='special-heading-inner-border' ><\/div><\/div><\/div><\/div><div class='av-flex-placeholder'><\/div><div class=\"flex_column av_three_fifth  flex_column_table_cell av-equal-height-column av-align-middle   avia-builder-el-6  el_after_av_two_fifth  avia-builder-el-last\" style='background: #ffffff; border-width:1px; border-style:solid; padding:25px; background-color:#ffffff; border-radius:0px; '><section class=\"av_textblock_section\"  itemscope=\"itemscope\" itemtype=\"https:\/\/schema.org\/CreativeWork\" ><div class='avia_textblock'   itemprop=\"text\" ><p>PLANTAS INTELIGENTES ADAPTADAS AL SEMI\u00c1RIDO<\/p>\n<\/div><\/section><\/div><\/div><!--close column table wrapper. Autoclose: 1 --><\/div><\/div><\/div><!-- close content main div --><\/div><\/div><div id='av_section_3'  class='avia-section main_color avia-section-small avia-no-border-styling  avia-bg-style-scroll  avia-builder-el-8  el_after_av_section  el_before_av_section   container_wrap sidebar_right' style='background-color: #fafafa;  '  ><div class='container' ><div class='template-page content  av-content-small alpha units'><div class='post-entry post-entry-type-page post-entry-1650'><div class='entry-content-wrapper clearfix'>\n<div class='flex_column_table av-equal-height-column-flextable -flextable' ><div class=\"flex_column av_two_fifth  flex_column_table_cell av-equal-height-column av-align-middle first  avia-builder-el-9  el_before_av_three_fifth  avia-builder-el-first\" style='background: #ffffff; border-width:1px; border-style:solid; padding:25px; background-color:#ffffff; border-radius:0px; '><div  style='padding-bottom:10px; ' class='av-special-heading av-special-heading-h4  blockquote modern-quote modern-centered  avia-builder-el-10  avia-builder-el-no-sibling'><h4 class='av-special-heading-tag'  itemprop=\"headline\"  >FECHA DE REALIZACI\u00d3N<\/h4><div class='special-heading-border'><div class='special-heading-inner-border' ><\/div><\/div><\/div><\/div><div class='av-flex-placeholder'><\/div><div class=\"flex_column av_three_fifth  flex_column_table_cell av-equal-height-column av-align-middle   avia-builder-el-11  el_after_av_two_fifth  avia-builder-el-last\" style='background: #ffffff; border-width:1px; border-style:solid; padding:25px; background-color:#ffffff; border-radius:0px; '><section class=\"av_textblock_section\"  itemscope=\"itemscope\" itemtype=\"https:\/\/schema.org\/CreativeWork\" ><div class='avia_textblock'   itemprop=\"text\" ><p>15 DE MAYO, 2023<\/p>\n<\/div><\/section><\/div><\/div><!--close column table wrapper. Autoclose: 1 --><\/div><\/div><\/div><!-- close content main div --><\/div><\/div><div id='av_section_4'  class='avia-section main_color avia-section-small avia-no-border-styling  avia-bg-style-scroll  avia-builder-el-13  el_after_av_section  el_before_av_section   container_wrap sidebar_right' style=' '  ><div class='container' ><div class='template-page content  av-content-small alpha units'><div class='post-entry post-entry-type-page post-entry-1650'><div class='entry-content-wrapper clearfix'>\n<div class='flex_column_table av-equal-height-column-flextable -flextable' ><div class=\"flex_column av_two_fifth  flex_column_table_cell av-equal-height-column av-align-middle first  avia-builder-el-14  el_before_av_three_fifth  avia-builder-el-first\" style='background: #ffffff; border-width:1px; border-style:solid; padding:25px; background-color:#ffffff; border-radius:0px; '><div  style='padding-bottom:10px; ' class='av-special-heading av-special-heading-h4  blockquote modern-quote modern-centered  avia-builder-el-15  avia-builder-el-no-sibling'><h4 class='av-special-heading-tag'  itemprop=\"headline\"  >TIPO DE ACCI\u00d3N<\/h4><div class='special-heading-border'><div class='special-heading-inner-border' ><\/div><\/div><\/div><\/div><div class='av-flex-placeholder'><\/div><div class=\"flex_column av_three_fifth  flex_column_table_cell av-equal-height-column av-align-middle   avia-builder-el-16  el_after_av_two_fifth  avia-builder-el-last\" style='background: #ffffff; border-width:1px; border-style:solid; padding:25px; background-color:#ffffff; border-radius:0px; '><section class=\"av_textblock_section\"  itemscope=\"itemscope\" itemtype=\"https:\/\/schema.org\/CreativeWork\" ><div class='avia_textblock'   itemprop=\"text\" ><p>Acciones de sensibilizaci\u00f3n sobre Red Natura 2000, en forma de visitas para conocer la gesti\u00f3n y los valores del espacio natural<\/p>\n<\/div><\/section><\/div><\/div><!--close column table wrapper. Autoclose: 1 --><\/div><\/div><\/div><!-- close content main div --><\/div><\/div><div id='av_section_5'  class='avia-section main_color avia-section-small avia-no-border-styling  avia-bg-style-scroll  avia-builder-el-18  el_after_av_section  el_before_av_section   container_wrap sidebar_right' style='background-color: #fafafa;  '  ><div class='container' ><div class='template-page content  av-content-small alpha units'><div class='post-entry post-entry-type-page post-entry-1650'><div class='entry-content-wrapper clearfix'>\n<div class='flex_column_table av-equal-height-column-flextable -flextable' ><div class=\"flex_column av_two_fifth  flex_column_table_cell av-equal-height-column av-align-middle first  avia-builder-el-19  el_before_av_three_fifth  avia-builder-el-first\" style='background: #ffffff; border-width:1px; border-style:solid; padding:25px; background-color:#ffffff; border-radius:0px; '><div  style='padding-bottom:10px; ' class='av-special-heading av-special-heading-h4  blockquote modern-quote modern-centered  avia-builder-el-20  avia-builder-el-no-sibling'><h4 class='av-special-heading-tag'  itemprop=\"headline\"  >\u00c1MBITO DE ACTUACI\u00d3N<\/h4><div class='special-heading-border'><div class='special-heading-inner-border' ><\/div><\/div><\/div><\/div><div class='av-flex-placeholder'><\/div><div class=\"flex_column av_three_fifth  flex_column_table_cell av-equal-height-column av-align-middle   avia-builder-el-21  el_after_av_two_fifth  avia-builder-el-last\" style='background: #ffffff; border-width:1px; border-style:solid; padding:25px; background-color:#ffffff; border-radius:0px; '><section class=\"av_textblock_section\"  itemscope=\"itemscope\" itemtype=\"https:\/\/schema.org\/CreativeWork\" ><div class='avia_textblock'   itemprop=\"text\" ><p>PARQUE NATURAL Y ZEC CABO DE GATA-N\u00cdJAR<\/p>\n<\/div><\/section><\/div><\/div><!--close column table wrapper. Autoclose: 1 -->\n<\/p>\n<\/div><\/div><\/div><!-- close content main div --><\/div><\/div><div id='av_section_6'  class='avia-section main_color avia-section-small avia-no-border-styling  avia-bg-style-scroll  avia-builder-el-23  el_after_av_section  el_before_av_section   container_wrap sidebar_right' style=' '  ><div class='container' ><div class='template-page content  av-content-small alpha units'><div class='post-entry post-entry-type-page post-entry-1650'><div class='entry-content-wrapper clearfix'>\n<div class='flex_column_table av-equal-height-column-flextable -flextable' ><div class=\"flex_column av_two_fifth  flex_column_table_cell av-equal-height-column av-align-middle first  avia-builder-el-24  el_before_av_three_fifth  avia-builder-el-first\" style='background: #ffffff; border-width:1px; border-style:solid; padding:25px; background-color:#ffffff; border-radius:0px; '><div  style='padding-bottom:10px; ' class='av-special-heading av-special-heading-h4  blockquote modern-quote modern-centered  avia-builder-el-25  avia-builder-el-no-sibling'><h4 class='av-special-heading-tag'  itemprop=\"headline\"  >FIGURAS Y C\u00d3DIGOS DE RED NATURA 2000<\/h4><div class='special-heading-border'><div class='special-heading-inner-border' ><\/div><\/div><\/div><\/div><div class='av-flex-placeholder'><\/div><div class=\"flex_column av_three_fifth  flex_column_table_cell av-equal-height-column av-align-middle   avia-builder-el-26  el_after_av_two_fifth  avia-builder-el-last\" style='background: #ffffff; border-width:1px; border-style:solid; padding:25px; background-color:#ffffff; border-radius:0px; '><section class=\"av_textblock_section\"  itemscope=\"itemscope\" itemtype=\"https:\/\/schema.org\/CreativeWork\" ><div class='avia_textblock'   itemprop=\"text\" ><p>ZEPA Y ZEC E6000046<\/p>\n<\/div><\/section><\/div><\/div><!--close column table wrapper. Autoclose: 1 -->\n\n<\/div><\/div><\/div><!-- close content main div --><\/div><\/div><div id='av_section_7'  class='avia-section main_color avia-section-small avia-no-border-styling  avia-bg-style-scroll  avia-builder-el-28  el_after_av_section  el_before_av_section   container_wrap sidebar_right' style='background-color: #fafafa;  '  ><div class='container' ><div class='template-page content  av-content-small alpha units'><div class='post-entry post-entry-type-page post-entry-1650'><div class='entry-content-wrapper clearfix'>\n<div class='flex_column_table av-equal-height-column-flextable -flextable' ><div class=\"flex_column av_two_fifth  flex_column_table_cell av-equal-height-column av-align-middle first  avia-builder-el-29  el_before_av_three_fifth  avia-builder-el-first\" style='background: #ffffff; border-width:1px; border-style:solid; padding:25px; background-color:#ffffff; border-radius:0px; '><div  style='padding-bottom:10px; ' class='av-special-heading av-special-heading-h4  blockquote modern-quote modern-centered  avia-builder-el-30  avia-builder-el-no-sibling'><h4 class='av-special-heading-tag'  itemprop=\"headline\"  >LOCALIDAD, PARAJE<\/h4><div class='special-heading-border'><div class='special-heading-inner-border' ><\/div><\/div><\/div><\/div><div class='av-flex-placeholder'><\/div><div class=\"flex_column av_three_fifth  flex_column_table_cell av-equal-height-column av-align-middle   avia-builder-el-31  el_after_av_two_fifth  avia-builder-el-last\" style='background: #ffffff; border-width:1px; border-style:solid; padding:25px; background-color:#ffffff; border-radius:0px; '><section class=\"av_textblock_section\"  itemscope=\"itemscope\" itemtype=\"https:\/\/schema.org\/CreativeWork\" ><div class='avia_textblock'   itemprop=\"text\" ><p>C.V. Las Amoladeras, Jard\u00edn Bot\u00e1nico Rodalquilar \u201cEl Albardinal\u201d y Artesanos de N\u00edjar (ALMER\u00cdA-NIJAR)<\/p>\n<\/div><\/section><\/div><\/div><!--close column table wrapper. Autoclose: 1 --><\/div><\/div><\/div><!-- close content main div --><\/div><\/div><div id='av_section_8'  class='avia-section main_color avia-section-small avia-no-border-styling  avia-bg-style-scroll  avia-builder-el-33  el_after_av_section  el_before_av_section   container_wrap sidebar_right' style=' '  ><div class='container' ><div class='template-page content  av-content-small alpha units'><div class='post-entry post-entry-type-page post-entry-1650'><div class='entry-content-wrapper clearfix'>\n<div class='flex_column_table av-equal-height-column-flextable -flextable' ><div class=\"flex_column av_two_fifth  flex_column_table_cell av-equal-height-column av-align-middle first  avia-builder-el-34  el_before_av_three_fifth  avia-builder-el-first\" style='background: #ffffff; border-width:1px; border-style:solid; padding:25px; background-color:#ffffff; border-radius:0px; '><div  style='padding-bottom:10px; ' class='av-special-heading av-special-heading-h4  blockquote modern-quote modern-centered  avia-builder-el-35  avia-builder-el-no-sibling'><h4 class='av-special-heading-tag'  itemprop=\"headline\"  >OBJETIVOS ESPEC\u00cdFICOS<\/h4><div class='special-heading-border'><div class='special-heading-inner-border' ><\/div><\/div><\/div><\/div><div class='av-flex-placeholder'><\/div><div class=\"flex_column av_three_fifth  flex_column_table_cell av-equal-height-column av-align-middle   avia-builder-el-36  el_after_av_two_fifth  avia-builder-el-last\" style='background: #ffffff; border-width:1px; border-style:solid; padding:25px; background-color:#ffffff; border-radius:0px; '><section class=\"av_textblock_section\"  itemscope=\"itemscope\" itemtype=\"https:\/\/schema.org\/CreativeWork\" ><div class='avia_textblock'   itemprop=\"text\" ><ul>\n<li>Poner en valor el Programa Red Natura 2000<\/li>\n<li>Conocer la flora y ecosistemas representativos del Parque Natural de Cabo de Gata-N\u00edjar<\/li>\n<li>Aprender qu\u00e9 es un endemismo y conocer algunas especies end\u00e9micas del Parque Natural de Cabo de Gata-N\u00edjar<\/li>\n<li>Adaptaciones de la flora al clima del Parque Natural<\/li>\n<li>Conocer la amenaza del Cambio Clim\u00e1tico sobre ecosistemas semi\u00e1ridos<\/li>\n<li>Conocer la catalogaci\u00f3n y r\u00e9gimen de protecci\u00f3n de las especies que se desarrollan en \u00e9l<\/li>\n<li>Poner en valor el oficio del esparto que se desarrolla en el Parque Natural<\/li>\n<li>Reconocer la identificaci\u00f3n del Parque Natural y ZEC Cabo de Gata-N\u00edjar como Reserva de la Biosfera del programa Hombre y Biosfera de la UNESCO<\/li>\n<\/ul>\n<\/div><\/section><\/div><\/div><!--close column table wrapper. Autoclose: 1 --><\/div><\/div><\/div><!-- close content main div --><\/div><\/div><div id='av_section_9'  class='avia-section main_color avia-section-small avia-no-border-styling  avia-bg-style-scroll  avia-builder-el-38  el_after_av_section  el_before_av_section   container_wrap sidebar_right' style='background-color: #fafafa;  '  ><div class='container' ><div class='template-page content  av-content-small alpha units'><div class='post-entry post-entry-type-page post-entry-1650'><div class='entry-content-wrapper clearfix'>\n<div class='flex_column_table av-equal-height-column-flextable -flextable' ><div class=\"flex_column av_two_fifth  flex_column_table_cell av-equal-height-column av-align-middle first  avia-builder-el-39  el_before_av_three_fifth  avia-builder-el-first\" style='background: #ffffff; border-width:1px; border-style:solid; padding:25px; background-color:#ffffff; border-radius:0px; '><div  style='padding-bottom:10px; ' class='av-special-heading av-special-heading-h4  blockquote modern-quote modern-centered  avia-builder-el-40  avia-builder-el-no-sibling'><h4 class='av-special-heading-tag'  itemprop=\"headline\"  >BREVE DESCRIPCI\u00d3N<\/h4><div class='special-heading-border'><div class='special-heading-inner-border' ><\/div><\/div><\/div><\/div><div class='av-flex-placeholder'><\/div><div class=\"flex_column av_three_fifth  flex_column_table_cell av-equal-height-column av-align-middle   avia-builder-el-41  el_after_av_two_fifth  avia-builder-el-last\" style='background: #ffffff; border-width:1px; border-style:solid; padding:25px; background-color:#ffffff; border-radius:0px; '><section class=\"av_textblock_section\"  itemscope=\"itemscope\" itemtype=\"https:\/\/schema.org\/CreativeWork\" ><div class='avia_textblock'   itemprop=\"text\" ><p style=\"text-align: justify;\">Se trata de realizar un acercamiento del visitante a las peculiaridades clim\u00e1ticas del Parque Natural de Cabo de Gata-N\u00edjar y a las adaptaciones de la flora a dicho clima.<\/p>\n<p style=\"text-align: justify;\">Inicio y organizaci\u00f3n de la jornada en el C.V. Las Amoladeras y traslado al Jard\u00edn Bot\u00e1nico de Rodalquilar \u201cEl Albardinal\u201d, para observar, identificar y explicar las distintas especies que se desarrollan en el Parque y sus estrategias de adaptaci\u00f3n a las condiciones clim\u00e1ticas.<\/p>\n<p style=\"text-align: justify;\">Finalmente nos trasladaremos al pueblo de N\u00edjar a conocer artesanos dedicados al oficio del esparto, con el objetivo de dar a conocer a los participantes las labores tradicionales que en la actualidad se mantienen, los productos elaborados y las distintas l\u00edneas de mercado y oportunidades.<\/p>\n<p style=\"text-align: justify;\">El desarrollo de la actividad incluir\u00e1 los servicios de traslado y manutenci\u00f3n durante la jornada para todos los participantes inscritos.<\/p>\n<\/div><\/section><\/div><\/div><!--close column table wrapper. Autoclose: 1 --><\/div><\/div><\/div><!-- close content main div --><\/div><\/div><div id='av_section_10'  class='avia-section main_color avia-section-small avia-no-border-styling  avia-bg-style-scroll  avia-builder-el-43  el_after_av_section  el_before_av_one_full   container_wrap sidebar_right' style=' '  ><div class='container' ><div class='template-page content  av-content-small alpha units'><div class='post-entry post-entry-type-page post-entry-1650'><div class='entry-content-wrapper clearfix'>\n<div class='flex_column_table av-equal-height-column-flextable -flextable' ><div class=\"flex_column av_two_fifth  flex_column_table_cell av-equal-height-column av-align-middle first  avia-builder-el-44  el_before_av_three_fifth  avia-builder-el-first\" style='background: #ffffff; border-width:1px; border-style:solid; padding:25px; background-color:#ffffff; border-radius:0px; '><div  style='padding-bottom:10px; ' class='av-special-heading av-special-heading-h4  blockquote modern-quote modern-centered  avia-builder-el-45  avia-builder-el-no-sibling'><h4 class='av-special-heading-tag'  itemprop=\"headline\"  >P\u00daBLICO OBJETIVO<\/h4><div class='special-heading-border'><div class='special-heading-inner-border' ><\/div><\/div><\/div><\/div><div class='av-flex-placeholder'><\/div><div class=\"flex_column av_three_fifth  flex_column_table_cell av-equal-height-column av-align-middle   avia-builder-el-46  el_after_av_two_fifth  avia-builder-el-last\" style='background: #ffffff; border-width:1px; border-style:solid; padding:25px; background-color:#ffffff; border-radius:0px; '><section class=\"av_textblock_section\"  itemscope=\"itemscope\" itemtype=\"https:\/\/schema.org\/CreativeWork\" ><div class='avia_textblock'   itemprop=\"text\" ><p>P\u00fablico en General, 50 participantes<\/p>\n<\/div><\/section><\/div><\/div><!--close column table wrapper. Autoclose: 1 --><\/div><\/div><\/div><!-- close content main div --><\/div><\/div><div id='after_section_10'  class='main_color av_default_container_wrap container_wrap sidebar_right' style=' '  ><div class='container' ><div class='template-page content  av-content-small alpha units'><div class='post-entry post-entry-type-page post-entry-1650'><div class='entry-content-wrapper clearfix'><div class=\"flex_column av_one_full  flex_column_div av-zero-column-padding first  avia-builder-el-48  el_after_av_section  el_before_av_one_full  avia-builder-el-first\" style='border-radius:0px; '><div  class='avia-button-wrap avia-button-center  avia-builder-el-49  avia-builder-el-no-sibling' ><a href='https:\/\/www.subparke.es\/en\/cronograma_proyectos\/'  class='avia-button av-icon-on-hover avia-color-theme-color   avia-icon_select-yes-left-icon avia-size-x-large avia-position-center'  target=\"_blank\"  rel=\"noopener noreferrer\"  ><span class='avia_button_icon avia_button_icon_left' aria-hidden='true' data-av_icon='\ue840' data-av_iconfont='entypo-fontello'><\/span><span class='avia_iconbox_title' >P\u00c1GINA DE INSCRIPCI\u00d3N<\/span><\/a><\/div><\/div><\/p>\n<div class=\"flex_column av_one_full  flex_column_div av-zero-column-padding first  avia-builder-el-50  el_after_av_one_full  avia-builder-el-last  column-top-margin\" style='border-radius:0px; '><div  class='avia-button-wrap avia-button-center  avia-builder-el-51  avia-builder-el-no-sibling' ><a href='https:\/\/www.subparke.es\/en\/cronograma_proyectos\/'  class='avia-button av-icon-on-hover avia-color-theme-color   avia-icon_select-yes-left-icon avia-size-x-large avia-position-center'   ><span class='avia_button_icon avia_button_icon_left' aria-hidden='true' data-av_icon='\ue88f' data-av_iconfont='entypo-fontello'><\/span><span class='avia_iconbox_title' >VOLVER AL CRONOGRAMA DE PROYECTOS<\/span><\/a><\/div><\/div>","protected":false},"excerpt":{"rendered":"","protected":false},"author":2,"featured_media":0,"parent":1460,"menu_order":0,"comment_status":"closed","ping_status":"closed","template":"","meta":{"_joinchat":[],"footnotes":""},"class_list":["post-1650","page","type-page","status-publish","hentry"],"_links":{"self":[{"href":"https:\/\/www.subparke.es\/en\/wp-json\/wp\/v2\/pages\/1650","targetHints":{"allow":["GET"]}}],"collection":[{"href":"https:\/\/www.subparke.es\/en\/wp-json\/wp\/v2\/pages"}],"about":[{"href":"https:\/\/www.subparke.es\/en\/wp-json\/wp\/v2\/types\/page"}],"author":[{"embeddable":true,"href":"https:\/\/www.subparke.es\/en\/wp-json\/wp\/v2\/users\/2"}],"replies":[{"embeddable":true,"href":"https:\/\/www.subparke.es\/en\/wp-json\/wp\/v2\/comments?post=1650"}],"version-history":[{"count":3,"href":"https:\/\/www.subparke.es\/en\/wp-json\/wp\/v2\/pages\/1650\/revisions"}],"predecessor-version":[{"id":1719,"href":"https:\/\/www.subparke.es\/en\/wp-json\/wp\/v2\/pages\/1650\/revisions\/1719"}],"up":[{"embeddable":true,"href":"https:\/\/www.subparke.es\/en\/wp-json\/wp\/v2\/pages\/1460"}],"wp:attachment":[{"href":"https:\/\/www.subparke.es\/en\/wp-json\/wp\/v2\/media?parent=1650"}],"curies":[{"name":"wp","href":"https:\/\/api.w.org\/{rel}","templated":true}]}}