{"id":257,"date":"2016-05-23T10:30:48","date_gmt":"2016-05-23T10:30:48","guid":{"rendered":"http:\/\/test.kriesi.at\/enfold-health-coach\/?page_id=257"},"modified":"2023-09-05T11:22:25","modified_gmt":"2023-09-05T11:22:25","slug":"actividades","status":"publish","type":"page","link":"https:\/\/www.subparke.es\/en\/actividades\/","title":{"rendered":"Actividades"},"content":{"rendered":"<div id='av_section_1'  class='avia-section main_color avia-section-large avia-no-border-styling  av-section-color-overlay-active avia-bg-style-scroll  avia-builder-el-0  el_before_av_postcontent  avia-builder-el-first   container_wrap sidebar_right' style='background-repeat: no-repeat; background-image: url(https:\/\/www.subparke.es\/wp-content\/uploads\/2019\/04\/fonfo_banner_claro03.jpg);background-attachment: scroll; background-position: bottom right;  '  data-section-bg-repeat='no-repeat'><div class='av-section-color-overlay-wrap'><div class='av-section-color-overlay' style='opacity: 0.5; background-color: #ffffff; '><\/div><div class='container' ><main  role=\"main\" itemprop=\"mainContentOfPage\"  class='template-page content  av-content-small alpha units'><div class='post-entry post-entry-type-page post-entry-257'><div class='entry-content-wrapper clearfix'>\n<div  style='padding-bottom:20px; font-size:50px;' class='av-special-heading av-special-heading-h1  blockquote modern-quote modern-centered  avia-builder-el-1  el_before_av_hr  avia-builder-el-first  av-inherit-size '><h1 class='av-special-heading-tag '  itemprop=\"headline\"  ><u>Qu\u00e9 podemos<\/u> hacer por ti<\/h1><div class='special-heading-border'><div class='special-heading-inner-border' ><\/div><\/div><\/div>\n<div  style='height:50px' class='hr hr-invisible   avia-builder-el-2  el_after_av_heading  el_before_av_one_third '><span class='hr-inner ' ><span class='hr-inner-style'><\/span><\/span><\/div>\n<div class=\"flex_column av_one_third  flex_column_div av-zero-column-padding avia-link-column av-column-link first  avia-builder-el-3  el_after_av_hr  el_before_av_one_third  \" style='border-radius:0px; ' data-link-column-url=\"https:\/\/www.subparke.es\/en\/centro-buceo\/\" ><a class=\"av-screen-reader-only\" href=https:\/\/www.subparke.es\/en\/centro-buceo\/ >Link to: Centro de buceo<\/a><article  class=\"iconbox iconbox_left_content    avia-builder-el-4  avia-builder-el-no-sibling  \"  itemscope=\"itemscope\" itemtype=\"https:\/\/schema.org\/CreativeWork\" ><div class=\"iconbox_icon heading-color\" aria-hidden='true' data-av_icon='\ue838' data-av_iconfont='fontello'  ><\/div><div class=\"iconbox_content\"><header class=\"entry-content-header\"><h3 class='iconbox_content_title  '  itemprop=\"headline\"  >Centro de buceo<\/h3><\/header><div class='iconbox_content_container  '  itemprop=\"text\"  ><p>Cursos de buceo para todos los niveles, talleres monogr\u00e1ficos e inmersiones programadas. Aprende todas las t\u00e9cnicas necesarias para descubrir las maravillas que esconden las aguas del Parque Natural Cabo de Gata-N\u00edjar.<\/p>\n<\/div><\/div><footer class=\"entry-footer\"><\/footer><\/article><\/div><div class=\"flex_column av_one_third  flex_column_div av-zero-column-padding avia-link-column av-column-link   avia-builder-el-5  el_after_av_one_third  el_before_av_one_third  \" style='border-radius:0px; ' data-link-column-url=\"https:\/\/www.subparke.es\/en\/turismo-activo\/\" ><a class=\"av-screen-reader-only\" href=https:\/\/www.subparke.es\/en\/turismo-activo\/ >Link to: Turismo de Naturaleza<\/a><article  class=\"iconbox iconbox_left_content    avia-builder-el-6  avia-builder-el-no-sibling  \"  itemscope=\"itemscope\" itemtype=\"https:\/\/schema.org\/CreativeWork\" ><div class=\"iconbox_icon heading-color\" aria-hidden='true' data-av_icon='\uf115' data-av_iconfont='lifestyles'  ><\/div><div class=\"iconbox_content\"><header class=\"entry-content-header\"><h3 class='iconbox_content_title  '  itemprop=\"headline\"  >Turismo de Naturaleza<\/h3><\/header><div class='iconbox_content_container  '  itemprop=\"text\"  ><p>Para aquellos que busquen una alternativa diferente al t\u00edpico turismo de sol y playa y quieran disfrutar m\u00e1s a fondo de los extraordinarios paisajes y rincones que nos ofrece el Parque Natural de Cabo de Gata-N\u00edjar.<\/p>\n<\/div><\/div><footer class=\"entry-footer\"><\/footer><\/article><\/div><div class=\"flex_column av_one_third  flex_column_div av-zero-column-padding avia-link-column av-column-link   avia-builder-el-7  el_after_av_one_third  el_before_av_one_full  \" style='border-radius:0px; ' data-link-column-url=\"https:\/\/www.subparke.es\/en\/campamentos\/\" ><a class=\"av-screen-reader-only\" href=https:\/\/www.subparke.es\/en\/campamentos\/ >Link to: Campamentos<\/a><article  class=\"iconbox iconbox_left_content    avia-builder-el-8  avia-builder-el-no-sibling  \"  itemscope=\"itemscope\" itemtype=\"https:\/\/schema.org\/CreativeWork\" ><div class=\"iconbox_icon heading-color\" aria-hidden='true' data-av_icon='\uf116' data-av_iconfont='lifestyles'  ><\/div><div class=\"iconbox_content\"><header class=\"entry-content-header\"><h3 class='iconbox_content_title  '  itemprop=\"headline\"  >Campamentos<\/h3><\/header><div class='iconbox_content_container  '  itemprop=\"text\"  ><p>Disfruta de unos d\u00edas increibles un nuestros campamentos. Todo el personal de <strong>Subparke Turismo de Naturaleza<\/strong>\u00a0cuenta con amplia experiencia y Titulacion correspondiente a cada una de las actividades.<\/p>\n<\/div><\/div><footer class=\"entry-footer\"><\/footer><\/article><\/div><div class=\"flex_column av_one_full  flex_column_div av-zero-column-padding avia-link-column av-column-link first  avia-builder-el-9  el_after_av_one_third  avia-builder-el-last  column-top-margin\" style='border-radius:0px; ' data-link-column-url=\"#centros\" ><a class=\"av-screen-reader-only\" href=#centros >Follow a manual added link<\/a><p><article  class=\"iconbox iconbox_left_content    avia-builder-el-10  el_before_av_button  avia-builder-el-first  \"  itemscope=\"itemscope\" itemtype=\"https:\/\/schema.org\/CreativeWork\" ><div class=\"iconbox_icon heading-color\" aria-hidden='true' data-av_icon='\ue80c' data-av_iconfont='entypo-fontello'  ><\/div><div class=\"iconbox_content\"><header class=\"entry-content-header\"><h3 class='iconbox_content_title  '  itemprop=\"headline\"  >Actividades de educaci\u00f3n ambiental para centros educativos y grupos organizados<\/h3><\/header><div class='iconbox_content_container  '  itemprop=\"text\"  ><p>Una amplia variedad de talleres, jornadas y cursos de formacion pensados para ser realizadas por centros educativos o grupos organizados.<\/p>\n<p>Contacta con nosotros para personalizar tu actividad.<\/p>\n<\/div><\/div><footer class=\"entry-footer\"><\/footer><\/article><br \/>\n<div  class='avia-button-wrap avia-button-center  avia-builder-el-11  el_after_av_icon_box  avia-builder-el-last ' ><a href='#centros'  class='avia-button  avia-color-theme-color   avia-icon_select-yes-right-icon avia-size-x-large avia-position-center '   ><span class='avia_iconbox_title' >VER LISTADO<\/span><span class='avia_button_icon avia_button_icon_right' aria-hidden='true' data-av_icon='\ue875' data-av_iconfont='entypo-fontello'><\/span><\/a><\/div><\/p><\/div>\n\n[av_slideshow_full size='no scaling' min_height='0px' stretch='' animation='slide' conditional_play='' autoplay='false' interval='5' control_layout='av-control-default' src='' attachment='' attachment_size='' position='top left' repeat='no-repeat' attach='scroll' av_uid='av-junwwxgs']\r\n[av_slide_full id='434' av_uid='av-g3fvy'][\/av_slide_full]\r\n[\/av_slideshow_full]\r\n\r\n[av_section min_height='' min_height_px='500px' padding='default' shadow='no-border-styling' bottom_border='no-border-styling' bottom_border_diagonal_color='#333333' bottom_border_diagonal_direction='scroll' bottom_border_style='scroll' margin='' custom_margin='0px' scroll_down='' custom_arrow_bg='' id='' color='main_color' background='bg_color' custom_bg='' background_gradient_color1='' background_gradient_color2='' background_gradient_direction='vertical' src='' attach='scroll' position='top left' repeat='no-repeat' video='' video_ratio='16:9' video_mobile_disabled='' overlay_enable='' overlay_opacity='0.5' overlay_color='' overlay_pattern='' overlay_custom_pattern='' av-desktop-hide='' av-medium-hide='' av-small-hide='' av-mini-hide='' av_element_hidden_in_editor='0' av_uid='av-bhoam']\r\n[av_textblock size='' font_color='' color='' av-medium-font-size='' av-small-font-size='' av-mini-font-size='' av_uid='av-jur74mny' admin_preview_bg='']\r\n<blockquote>Aprende todas las t\u00e9cnicas necesarias para ser un buceador profesional o sum\u00e9rgete en las profundidades del sorprendente Parque Natural Cabo de Gata - N\u00edjar con nuestras inmersiones programadas<\/blockquote>\r\n[\/av_textblock]\r\n[\/av_section]\r\n\r\n[av_layout_row border='' min_height='15px' color='main_color' mobile='av-fixed-cells' id='welcome' av_uid='av-967rzj']\r\n[av_cell_one_fourth vertical_align='top' padding='0px' padding_sync='true' background='bg_color' background_color='#0c7494' background_gradient_color1='' background_gradient_color2='' background_gradient_direction='vertical' src='' attachment='' attachment_size='' background_attachment='scroll' background_position='top left' background_repeat='no-repeat' link='' linktarget='' link_hover='' mobile_display='' av_uid='av-whdbz']\r\n\r\n[\/av_cell_one_fourth][av_cell_one_fourth vertical_align='top' padding='0px' padding_sync='true' background='bg_color' background_color='#109bc5' background_gradient_color1='' background_gradient_color2='' background_gradient_direction='vertical' src='' attachment='' attachment_size='' background_attachment='scroll' background_position='top left' background_repeat='no-repeat' link='' linktarget='' link_hover='' mobile_display='' av_uid='av-8sxokf']\r\n\r\n[\/av_cell_one_fourth][av_cell_one_fourth vertical_align='top' padding='0px' padding_sync='true' background='bg_color' background_color='#70c3dc' background_gradient_color1='' background_gradient_color2='' background_gradient_direction='vertical' src='' attachment='' attachment_size='' background_attachment='scroll' background_position='top left' background_repeat='no-repeat' link='' linktarget='' link_hover='' mobile_display='' av_uid='av-v7i3j']\r\n\r\n[\/av_cell_one_fourth][av_cell_one_fourth vertical_align='top' padding='0px' padding_sync='true' background='bg_color' background_color='#cfebf3' background_gradient_color1='' background_gradient_color2='' background_gradient_direction='vertical' src='' attachment='' attachment_size='' background_attachment='scroll' background_position='top left' background_repeat='no-repeat' link='' linktarget='' link_hover='' mobile_display='' av_uid='av-8k55i7']\r\n\r\n[\/av_cell_one_fourth]\r\n[\/av_layout_row]\r\n\r\n[av_heading heading='Actividades y cursos <u>disponibles<\/u>' tag='h1' link_apply='' link='manually,http:\/\/' link_target='' style='blockquote modern-quote modern-centered' size='50' subheading_active='' subheading_size='15' margin='' padding='20' color='' custom_font='' custom_class='' admin_preview_bg='' av-desktop-hide='' av-medium-hide='' av-small-hide='' av-mini-hide='' av-medium-font-size-title='' av-small-font-size-title='' av-mini-font-size-title='' av-medium-font-size='' av-small-font-size='' av-mini-font-size='' av_uid='av-acxh2'][\/av_heading]\r\n\r\n[av_masonry_entries link='portfolio_entries,24,33,28,27' wc_prod_visible='' wc_prod_hidden='hide' wc_prod_featured='' prod_order_by='' prod_order='' date_filter='' date_filter_start='' date_filter_end='' date_filter_format='yy\/mm\/dd' sort='yes' query_orderby='date' query_order='DESC' caption_elements='title excerpt' caption_styling='overlay' caption_display='always' size='fixed masonry' orientation='' gap='1px' columns='3' av-medium-columns='' av-small-columns='' av-mini-columns='' items='20' paginate='load_more' color='' custom_bg='' overlay_fx='active' animation='active' lazy_loading='disabled' av-desktop-hide='aviaTBav-desktop-hide' av-medium-hide='aviaTBav-medium-hide' av-small-hide='aviaTBav-small-hide' av-mini-hide='aviaTBav-mini-hide' id='' custom_class='' template_class='' av_uid='av-jur79upc' sc_version='1.0']\r\n\r\n[av_section min_height='' min_height_pc='25' min_height_px='500px' padding='default' custom_margin='0px' custom_margin_sync='true' color='main_color' background='bg_color' custom_bg='' background_gradient_color1='' background_gradient_color2='' background_gradient_direction='vertical' src='https:\/\/www.subparke.es\/wp-content\/uploads\/2023\/07\/fondo_flow02.jpg' attachment='4352' attachment_size='full' attach='scroll' position='top left' repeat='no-repeat' video='' video_ratio='16:9' overlay_opacity='0.5' overlay_color='' overlay_pattern='' overlay_custom_pattern='' shadow='no-border-styling' bottom_border='no-border-styling' bottom_border_diagonal_color='#333333' bottom_border_diagonal_direction='' bottom_border_style='' custom_arrow_bg='' av-small-hide='aviaTBav-small-hide' av-mini-hide='aviaTBav-mini-hide' id='' custom_class='' template_class='' aria_label='' av_element_hidden_in_editor='0' av_uid='av-ddqwu' sc_version='1.0']\r\n[av_codeblock wrapper_element='' wrapper_element_attributes='' codeblock_type='' alb_description='' id='' custom_class='' template_class='' av_uid='av-ljwsfrrq' sc_version='1.0']\r\n<iframe loading=\"lazy\" width=\"100%\" height=\"800\" src=\"https:\/\/subparke.es\/flow\/flow\/flowchart.html\"><\/iframe>\r\n[\/av_codeblock]\r\n[\/av_section]\r\n\r\n[av_section min_height='' min_height_pc='25' min_height_px='500px' padding='default' custom_margin='0px' custom_margin_sync='true' color='main_color' background='bg_color' custom_bg='' background_gradient_color1='' background_gradient_color2='' background_gradient_direction='vertical' src='https:\/\/www.subparke.es\/wp-content\/uploads\/2023\/07\/fondo_flow02.jpg' attachment='4352' attachment_size='full' attach='scroll' position='center center' repeat='stretch' video='' video_ratio='16:9' overlay_opacity='0.5' overlay_color='' overlay_pattern='' overlay_custom_pattern='' shadow='no-border-styling' bottom_border='no-border-styling' bottom_border_diagonal_color='#333333' bottom_border_diagonal_direction='' bottom_border_style='' custom_arrow_bg='' av-desktop-hide='aviaTBav-desktop-hide' av-medium-hide='aviaTBav-medium-hide' id='' custom_class='' template_class='' aria_label='' av_element_hidden_in_editor='0' av_uid='av-73tfa' sc_version='1.0']\r\n\r\n[av_codeblock wrapper_element='' wrapper_element_attributes='' codeblock_type='' alb_description='' id='' custom_class='' template_class='' av_uid='av-ljx1borr' sc_version='1.0']\r\n<iframe loading=\"lazy\" width=\"100%\" height=\"700\" src=\"https:\/\/subparke.es\/flow\/flowmvl\/flowchart.html\"><\/iframe>\r\n[\/av_codeblock]\r\n\r\n[\/av_section]\n<div id='centros'  class='avia-fullwidth-slider main_color avia-shadow   avia-builder-el-13  el_after_av_postcontent  el_before_av_section   slider-not-first container_wrap sidebar_right' style=' '  ><div   data-size='no scaling'  data-lightbox_size='large'  data-animation='slide'  data-conditional_play=''  data-ids='3454'  data-video_counter='0'  data-autoplay='false'  data-bg_slider='false'  data-slide_height=''  data-handle='av_slideshow_full'  data-interval='5'  data-class=' '  data-el_id=''  data-css_id=''  data-scroll_down=''  data-control_layout='av-control-default'  data-custom_markup=''  data-perma_caption=''  data-autoplay_stopper=''  data-image_attachment=''  data-min_height='0px'  data-lazy_loading='disabled'  data-src=''  data-position='top left'  data-repeat='no-repeat'  data-attach='scroll'  data-stretch=''  class='avia-slideshow avia-slideshow-1  av-control-default av-default-height-applied avia-slideshow-no scaling av_slideshow_full   avia-slide-slider '  itemprop=\"image\" itemscope=\"itemscope\" itemtype=\"https:\/\/schema.org\/ImageObject\" ><ul class='avia-slideshow-inner ' style='padding-bottom: 20.833333333333%;' ><li  class=' av-single-slide slide-1 ' ><div data-rel='slideshow-1' class='avia-slide-wrap '   ><img decoding=\"async\" class=\"wp-image-3454 avia-img-lazy-loading-not-3454\"  src=\"https:\/\/www.subparke.es\/wp-content\/uploads\/2022\/11\/cab_centros.jpg\" width=\"1920\" height=\"400\" title='cab_centros' alt=''  itemprop=\"thumbnailUrl\" srcset=\"https:\/\/www.subparke.es\/wp-content\/uploads\/2022\/11\/cab_centros.jpg 1920w, https:\/\/www.subparke.es\/wp-content\/uploads\/2022\/11\/cab_centros-300x63.jpg 300w, https:\/\/www.subparke.es\/wp-content\/uploads\/2022\/11\/cab_centros-1030x215.jpg 1030w, https:\/\/www.subparke.es\/wp-content\/uploads\/2022\/11\/cab_centros-768x160.jpg 768w, https:\/\/www.subparke.es\/wp-content\/uploads\/2022\/11\/cab_centros-1536x320.jpg 1536w, https:\/\/www.subparke.es\/wp-content\/uploads\/2022\/11\/cab_centros-1500x313.jpg 1500w, https:\/\/www.subparke.es\/wp-content\/uploads\/2022\/11\/cab_centros-705x147.jpg 705w\" sizes=\"(max-width: 1920px) 100vw, 1920px\" \/><\/div><\/li><\/ul><\/div><\/div>\n<div id='centros'  class='avia-section main_color avia-section-default avia-no-border-styling  avia-bg-style-scroll  avia-builder-el-14  el_after_av_slideshow_full  el_before_av_postcontent   container_wrap sidebar_right' style=' '  ><div class='container' ><div class='template-page content  av-content-small alpha units'><div class='post-entry post-entry-type-page post-entry-257'><div class='entry-content-wrapper clearfix'>\n<div  style='padding-bottom:10px; ' class='av-special-heading av-special-heading-h2  blockquote modern-quote modern-centered  avia-builder-el-15  avia-builder-el-no-sibling  '><h2 class='av-special-heading-tag '  itemprop=\"headline\"  >Actividades de educaci\u00f3n ambiental para centros educativos y grupos organizados<\/h2><div class ='av-subheading av-subheading_below  ' style='font-size:15px;'><p>Talleres, jornadas y cursos\u00a0de\u00a0formacion<\/p>\n<\/div><div class='special-heading-border'><div class='special-heading-inner-border' ><\/div><\/div><\/div>\n\n[av_slideshow_full size='no scaling' min_height='0px' stretch='' control_layout='av-control-default' src='' attachment='' attachment_size='' position='top left' repeat='no-repeat' attach='scroll' conditional_play='' animation='slide' transition_speed='' autoplay='false' interval='5' lazy_loading='disabled' id='' custom_class='' template_class='' av_uid='av-l8anwx28' sc_version='1.0']\r\n[av_slide_full slide_type='image' id='5188' video='https:\/\/' mobile_image='' fallback_link='https:\/\/' title='' video_format='' video_ratio='16:9' caption_pos='caption_bottom' custom_title_size='' av-medium-font-size-title='' av-small-font-size-title='' av-mini-font-size-title='' custom_content_size='' av-medium-font-size='' av-small-font-size='' av-mini-font-size='' font_color='' custom_title='' custom_content='' heading_tag='' heading_class='' link_apply='' link='lightbox' link_target='' button_label='Click me' button_color='light' link1='manually,http:\/\/' link_target1='' button_label2='Click me' button_color2='light' link2='manually,http:\/\/' link_target2='' overlay_opacity='0.5' overlay_color='' overlay_pattern='' overlay_custom_pattern='' av_uid='av-30o3x6' sc_version='1.0'][\/av_slide_full]\r\n[\/av_slideshow_full]\r\n\r\n[av_section min_height='' min_height_pc='25' min_height_px='500px' padding='default' custom_margin='0px' custom_margin_sync='true' color='main_color' background='bg_color' custom_bg='#dde492' background_gradient_color1='' background_gradient_color2='' background_gradient_direction='vertical' src='' attachment='' attachment_size='' attach='scroll' position='top left' repeat='no-repeat' video='' video_ratio='16:9' overlay_opacity='0.5' overlay_color='' overlay_pattern='' overlay_custom_pattern='' shadow='no-border-styling' bottom_border='no-border-styling' bottom_border_diagonal_color='#333333' bottom_border_diagonal_direction='' bottom_border_style='' custom_arrow_bg='' id='' custom_class='' template_class='' aria_label='' av_element_hidden_in_editor='0' av_uid='av-l8anz61b' sc_version='1.0']\r\n[av_heading heading='VISITA GUIADA CASA DE LOS VOLCANES - JARD\u00cdN BOT\u00c1NICO RODALQUILAR' tag='h3' style='blockquote modern-quote modern-centered' subheading_active='' show_icon='' icon='ue800' font='entypo-fontello' size='' av-medium-font-size-title='' av-small-font-size-title='' av-mini-font-size-title='' subheading_size='' av-medium-font-size='' av-small-font-size='' av-mini-font-size='' icon_size='' av-medium-font-size-1='' av-small-font-size-1='' av-mini-font-size-1='' color='' custom_font='' icon_color='' margin='' margin_sync='true' padding='10' icon_padding='10' link='' link_target='' id='' custom_class='' template_class='' av_uid='av-l8anycra' sc_version='1.0' admin_preview_bg=''][\/av_heading]\r\n[\/av_section]\r\n\r\n[av_section min_height='' min_height_pc='25' min_height_px='500px' padding='default' margin='' custom_margin='0px' color='main_color' background='bg_color' custom_bg='' background_gradient_color1='' background_gradient_color2='' background_gradient_direction='vertical' src='' attach='scroll' position='top left' repeat='no-repeat' video='' video_ratio='16:9' video_mobile_disabled='' overlay_enable='' overlay_opacity='0.5' overlay_color='' overlay_pattern='' overlay_custom_pattern='' shadow='no-border-styling' bottom_border='no-border-styling' bottom_border_diagonal_color='#333333' bottom_border_diagonal_direction='' bottom_border_style='' scroll_down='' custom_arrow_bg='' av-desktop-hide='' av-medium-hide='' av-small-hide='' av-mini-hide='' id='' custom_class='' template_class='' aria_label='' av_element_hidden_in_editor='0' av_uid='av-epnaca' sc_version='1.0']\r\n[av_one_full first min_height='' vertical_alignment='av-align-top' space='' row_boxshadow='' row_boxshadow_color='' row_boxshadow_width='10' custom_margin='' margin='0px' mobile_breaking='' border='' border_color='' radius='0px' padding='0px' column_boxshadow='' column_boxshadow_color='' column_boxshadow_width='10' background='bg_color' background_color='' background_gradient_color1='' background_gradient_color2='' background_gradient_direction='vertical' src='' background_position='top left' background_repeat='no-repeat' highlight='' highlight_size='' animation='' link='' linktarget='' link_hover='' title_attr='' alt_attr='' mobile_display='' id='' custom_class='' template_class='' aria_label='' av_uid='av-182d2i' sc_version='1.0']\r\n\r\n[av_textblock size='' av-medium-font-size='' av-small-font-size='' av-mini-font-size='' font_color='' color='' id='' custom_class='' template_class='' av_uid='av-av3afu' sc_version='1.0' admin_preview_bg='']\r\nDesde Subparke les ofrecemos una <strong>visita guiada al Museo \"La Casa de los Volcanes\" as\u00ed como al Jard\u00edn Bot\u00e1nico de Rodalquilar.<\/strong> Ofertamos tambi\u00e9n <strong>talleres<\/strong> dise\u00f1ados espec\u00edficamente para colegios.\r\n[\/av_textblock]\r\n\r\n[\/av_one_full][av_one_half first min_height='av-equal-height-column' vertical_alignment='av-align-top' space='' row_boxshadow_color='' row_boxshadow_width='10' margin='0px' margin_sync='true' mobile_breaking='' border='' border_color='' radius='10px' radius_sync='true' padding='30px' padding_sync='true' column_boxshadow='aviaTBcolumn_boxshadow' column_boxshadow_color='rgba(0,0,0,0.38)' column_boxshadow_width='10' background='bg_color' background_color='' background_gradient_color1='' background_gradient_color2='' background_gradient_direction='vertical' src='' attachment='' attachment_size='' background_position='top left' background_repeat='no-repeat' highlight_size='1.1' animation='' link='' linktarget='' link_hover='' title_attr='' alt_attr='' mobile_display='' id='' custom_class='' template_class='' aria_label='' av_uid='av-l8ao3mhp' sc_version='1.0']\r\n\r\n[av_heading heading='MUSEO CASA DE LOS VOLCANES' tag='h4' style='blockquote modern-quote modern-centered' subheading_active='' show_icon='' icon='ue800' font='entypo-fontello' size='' av-medium-font-size-title='' av-small-font-size-title='' av-mini-font-size-title='' subheading_size='' av-medium-font-size='' av-small-font-size='' av-mini-font-size='' icon_size='' av-medium-font-size-1='' av-small-font-size-1='' av-mini-font-size-1='' color='' custom_font='' icon_color='' margin='' margin_sync='true' padding='10' icon_padding='10' link='' link_target='' id='' custom_class='' template_class='' av_uid='av-l8ao3u50' sc_version='1.0' admin_preview_bg=''][\/av_heading]\r\n\r\n[av_textblock size='' av-medium-font-size='' av-small-font-size='' av-mini-font-size='' font_color='' color='' id='' custom_class='' template_class='' av_uid='av-l8ao1ctb' sc_version='1.0' admin_preview_bg='']\r\n<p style=\"text-align: justify;\">El museo La Casa de los Volcanes se ubica en un antiguo edificio que se denominaba Casa PAF (Precipitaci\u00f3n, Afino y Fundici\u00f3n), dedicado a la explotaci\u00f3n de mineral de oro en Rodalquilar, hasta el cierre de la explotaci\u00f3n en el a\u00f1o 1966.<\/p>\r\n<p style=\"text-align: justify;\">Durante su visita nos ofrece un ins\u00f3lito paseo geol\u00f3gico y volc\u00e1nico para acercarnos a conocer e interpretar los paisajes del Geoparque de Cabo de Gata, y nos ayuda tambi\u00e9n a conocer su particular personalidad geol\u00f3gica en el contexto de la extraordinaria geodiversidad andaluza.<\/p>\r\n<p style=\"text-align: justify;\">Asimismo, en una de sus salas se exhiben aspectos relativos a la importancia hist\u00f3rica del distrito minero del Parque Natural Cabo de Gata, desde la miner\u00eda hist\u00f3rica de los alumbres en el siglo XVI y del plomo y la plata durante el siglo XIX, hasta el \u00faltimo y moderno proceso minero-metal\u00fargico desarrollado en la planta DENVER para la extracci\u00f3n de oro.<\/p>\r\n<p style=\"text-align: justify;\">Cuenta con bar-cafeter\u00eda<\/p>\r\n[\/av_textblock]\r\n\r\n[av_image src='https:\/\/www.subparke.es\/wp-content\/uploads\/2023\/09\/museo001.jpg' attachment='5184' attachment_size='full' copyright='' caption='' styling='' align='center' font_size='' overlay_opacity='0.4' overlay_color='#000000' overlay_text_color='#ffffff' animation='no-animation' hover='' appearance='' link='' target='' title_attr='' alt_attr='' lazy_loading='disabled' id='' custom_class='' template_class='' av_element_hidden_in_editor='0' av_uid='av-120m1q2' sc_version='1.0' admin_preview_bg=''][\/av_image]\r\n\r\n[\/av_one_half][av_one_half min_height='av-equal-height-column' vertical_alignment='av-align-top' space='' row_boxshadow_color='' row_boxshadow_width='10' margin='0px' margin_sync='true' mobile_breaking='' border='' border_color='' radius='10px' radius_sync='true' padding='30px' padding_sync='true' column_boxshadow='aviaTBcolumn_boxshadow' column_boxshadow_color='rgba(0,0,0,0.38)' column_boxshadow_width='10' background='bg_color' background_color='' background_gradient_color1='' background_gradient_color2='' background_gradient_direction='vertical' src='' attachment='' attachment_size='' background_position='top left' background_repeat='no-repeat' highlight_size='1.1' animation='' link='' linktarget='' link_hover='' title_attr='' alt_attr='' mobile_display='' id='' custom_class='' template_class='' aria_label='' av_uid='av-8nb7dm' sc_version='1.0']\r\n\r\n[av_heading heading='JARD\u00cdN BOT\u00c1NICO EL ALBARDINAL' tag='h4' style='blockquote modern-quote modern-centered' subheading_active='' show_icon='' icon='ue800' font='entypo-fontello' size='' av-medium-font-size-title='' av-small-font-size-title='' av-mini-font-size-title='' subheading_size='' av-medium-font-size='' av-small-font-size='' av-mini-font-size='' icon_size='' av-medium-font-size-1='' av-small-font-size-1='' av-mini-font-size-1='' color='' custom_font='' icon_color='' margin='' margin_sync='true' padding='10' icon_padding='10' link='' link_target='' id='' custom_class='' template_class='' av_uid='av-l8ao4tl1' sc_version='1.0' admin_preview_bg=''][\/av_heading]\r\n\r\n[av_textblock size='' av-medium-font-size='' av-small-font-size='' av-mini-font-size='' font_color='' color='' id='' custom_class='' template_class='' av_uid='av-l8ao55na' sc_version='1.0' admin_preview_bg='']\r\n<p style=\"text-align: justify;\">El Albardinal se encuentra en el antiguo pueblo minero de Rodalquilar, dentro del Parque Natural Cabo de Gata-N\u00edjar, y debe su nombre a una planta frecuente en la zona: el albard\u00edn, similar al esparto y perfectamente adaptada a las duras condiciones de sequ\u00eda y elevada salinidad frecuentes en estos suelos.<\/p>\r\n<p style=\"text-align: justify;\">Durante el recorrido, el visitante podr\u00e1 conocer la flora y vegetaci\u00f3n del Sector Biogeogr\u00e1fico Almeriense, estando representadas desde especies amenazadas y exclusivas de la sierra volc\u00e1nica de Cabo de Gata, los subdesiertos de Tabernas, los yesos de Sorbas o la flora litoral, pasando por otras for\u00e1neas que se han adaptado a las condiciones del medio.<\/p>\r\n<p style=\"text-align: justify;\">Azufaifares, palmitares o artineras anteceden a romerales y espartales, y ya avanzando en el recorrido, tomillares y pastizales dan paso a cultivos de frutales y cereales. Este mosaico de paisajes que recoge el jard\u00edn nos recuerda la importancia que ha tenido el uso tradicional del territorio en la conservaci\u00f3n de este fr\u00e1gil medio natural.<\/p>\r\n[\/av_textblock]\r\n\r\n[av_image src='https:\/\/www.subparke.es\/wp-content\/uploads\/2023\/09\/jardin002.jpg' attachment='5189' attachment_size='full' copyright='' caption='' styling='' align='center' font_size='' overlay_opacity='0.4' overlay_color='#000000' overlay_text_color='#ffffff' animation='no-animation' hover='' appearance='' link='' target='' title_attr='' alt_attr='' lazy_loading='disabled' id='' custom_class='' template_class='' av_element_hidden_in_editor='0' av_uid='av-lm64w13u' sc_version='1.0' admin_preview_bg=''][\/av_image]\r\n\r\n[\/av_one_half]\r\n[\/av_section]\r\n\r\n[av_section min_height='' min_height_pc='25' min_height_px='500px' padding='default' margin='' custom_margin='0px' color='main_color' background='bg_color' custom_bg='' background_gradient_color1='' background_gradient_color2='' background_gradient_direction='vertical' src='' attach='scroll' position='top left' repeat='no-repeat' video='' video_ratio='16:9' video_mobile_disabled='' overlay_enable='' overlay_opacity='0.5' overlay_color='' overlay_pattern='' overlay_custom_pattern='' shadow='no-border-styling' bottom_border='no-border-styling' bottom_border_diagonal_color='#333333' bottom_border_diagonal_direction='' bottom_border_style='' scroll_down='' custom_arrow_bg='' av-desktop-hide='' av-medium-hide='' av-small-hide='' av-mini-hide='' id='' custom_class='' template_class='' aria_label='' av_element_hidden_in_editor='0' av_uid='av-z3pone' sc_version='1.0']\r\n\r\n[av_one_full first min_height='' vertical_alignment='av-align-top' space='' row_boxshadow='' row_boxshadow_color='' row_boxshadow_width='10' custom_margin='' margin='0px' mobile_breaking='' border='' border_color='' radius='0px' padding='0px' column_boxshadow='' column_boxshadow_color='' column_boxshadow_width='10' background='bg_color' background_color='' background_gradient_color1='' background_gradient_color2='' background_gradient_direction='vertical' src='' background_position='top left' background_repeat='no-repeat' highlight='' highlight_size='' animation='' link='' linktarget='' link_hover='' title_attr='' alt_attr='' mobile_display='' id='' custom_class='' template_class='' aria_label='' av_uid='av-y82a4q' sc_version='1.0']\r\n\r\n[av_heading heading='TALLERES OFERTADOS' tag='h3' style='blockquote modern-quote modern-centered' subheading_active='' show_icon='' icon='ue800' font='entypo-fontello' size='' av-medium-font-size-title='' av-small-font-size-title='' av-mini-font-size-title='' subheading_size='' av-medium-font-size='' av-small-font-size='' av-mini-font-size='' icon_size='' av-medium-font-size-1='' av-small-font-size-1='' av-mini-font-size-1='' color='' custom_font='' icon_color='' margin='' margin_sync='true' padding='10' icon_padding='10' link='' link_target='' id='' custom_class='' template_class='' av_uid='av-wmib2y' sc_version='1.0' admin_preview_bg=''][\/av_heading]\r\n\r\n[\/av_one_full][av_one_half first min_height='av-equal-height-column' vertical_alignment='av-align-top' space='' row_boxshadow_color='' row_boxshadow_width='10' margin='0px' margin_sync='true' mobile_breaking='' border='' border_color='' radius='10px' radius_sync='true' padding='30px' padding_sync='true' column_boxshadow='aviaTBcolumn_boxshadow' column_boxshadow_color='rgba(0,0,0,0.38)' column_boxshadow_width='10' background='bg_color' background_color='' background_gradient_color1='' background_gradient_color2='' background_gradient_direction='vertical' src='' attachment='' attachment_size='' background_position='top left' background_repeat='no-repeat' highlight_size='1.1' animation='' link='' linktarget='' link_hover='' title_attr='' alt_attr='' mobile_display='' id='' custom_class='' template_class='' aria_label='' av_uid='av-up6doq' sc_version='1.0']\r\n\r\n[av_heading heading='VISITA AL MUSEO CASA DE LOS VOLCANES' tag='h4' style='blockquote modern-quote modern-centered' subheading_active='' show_icon='' icon='ue800' font='entypo-fontello' size='' av-medium-font-size-title='' av-small-font-size-title='' av-mini-font-size-title='' subheading_size='' av-medium-font-size='' av-small-font-size='' av-mini-font-size='' icon_size='' av-medium-font-size-1='' av-small-font-size-1='' av-mini-font-size-1='' color='' custom_font='' icon_color='' margin='' margin_sync='true' padding='10' icon_padding='10' link='' link_target='' id='' custom_class='' template_class='' av_uid='av-syfxoa' sc_version='1.0' admin_preview_bg=''][\/av_heading]\r\n\r\n[av_textblock size='' av-medium-font-size='' av-small-font-size='' av-mini-font-size='' font_color='' color='' id='' custom_class='' template_class='' av_uid='av-rws9nu' sc_version='1.0' admin_preview_bg='']\r\n<p style=\"text-align: justify;\">Visita guiada al Museo Casa de Los Volcanes<\/p>\r\n[\/av_textblock]\r\n\r\n[\/av_one_half][av_one_half min_height='av-equal-height-column' vertical_alignment='av-align-top' space='' row_boxshadow_color='' row_boxshadow_width='10' margin='0px' margin_sync='true' mobile_breaking='' border='' border_color='' radius='10px' radius_sync='true' padding='30px' padding_sync='true' column_boxshadow='aviaTBcolumn_boxshadow' column_boxshadow_color='rgba(0,0,0,0.38)' column_boxshadow_width='10' background='bg_color' background_color='' background_gradient_color1='' background_gradient_color2='' background_gradient_direction='vertical' src='' attachment='' attachment_size='' background_position='top left' background_repeat='no-repeat' highlight_size='1.1' animation='' link='' linktarget='' link_hover='' title_attr='' alt_attr='' mobile_display='' id='' custom_class='' template_class='' aria_label='' av_uid='av-ag35zu' sc_version='1.0']\r\n\r\n[av_heading heading='VISITA AL MUSEO CASA DE LOS VOLCANES + B\u00daSQUEDA DEL TESORO' tag='h4' style='blockquote modern-quote modern-centered' subheading_active='' show_icon='' icon='ue800' font='entypo-fontello' size='' av-medium-font-size-title='' av-small-font-size-title='' av-mini-font-size-title='' subheading_size='' av-medium-font-size='' av-small-font-size='' av-mini-font-size='' icon_size='' av-medium-font-size-1='' av-small-font-size-1='' av-mini-font-size-1='' color='' custom_font='' icon_color='' margin='' margin_sync='true' padding='10' icon_padding='10' link='' link_target='' id='' custom_class='' template_class='' av_uid='av-8gqkuy' sc_version='1.0' admin_preview_bg=''][\/av_heading]\r\n\r\n[av_textblock size='' av-medium-font-size='' av-small-font-size='' av-mini-font-size='' font_color='' color='' id='' custom_class='' template_class='' av_uid='av-88h2ze' sc_version='1.0' admin_preview_bg='']\r\n<p style=\"text-align: justify;\">Visita guiada al Museo Casa de Los Volcanes y gymkana b\u00fasqueda del tesoro.<\/p>\r\n[\/av_textblock]\r\n\r\n[\/av_one_half][av_one_half first min_height='av-equal-height-column' vertical_alignment='av-align-top' space='' row_boxshadow_color='' row_boxshadow_width='10' margin='0px' margin_sync='true' mobile_breaking='' border='' border_color='' radius='10px' radius_sync='true' padding='30px' padding_sync='true' column_boxshadow='aviaTBcolumn_boxshadow' column_boxshadow_color='rgba(0,0,0,0.38)' column_boxshadow_width='10' background='bg_color' background_color='' background_gradient_color1='' background_gradient_color2='' background_gradient_direction='vertical' src='' attachment='' attachment_size='' background_position='top left' background_repeat='no-repeat' highlight_size='1.1' animation='' link='' linktarget='' link_hover='' title_attr='' alt_attr='' mobile_display='' id='' custom_class='' template_class='' aria_label='' av_uid='av-qdlllm' sc_version='1.0']\r\n\r\n[av_heading heading='VISITA AL MUSEO CASA DE LOS VOLCANES + SENDERO \"EN B\u00daSQUEDA\u00a0DE ORO\"' tag='h4' style='blockquote modern-quote modern-centered' subheading_active='' show_icon='' icon='ue800' font='entypo-fontello' size='' av-medium-font-size-title='' av-small-font-size-title='' av-mini-font-size-title='' subheading_size='' av-medium-font-size='' av-small-font-size='' av-mini-font-size='' icon_size='' av-medium-font-size-1='' av-small-font-size-1='' av-mini-font-size-1='' color='' custom_font='' icon_color='' margin='' margin_sync='true' padding='10' icon_padding='10' link='' link_target='' id='' custom_class='' template_class='' av_uid='av-nbk1uy' sc_version='1.0' admin_preview_bg=''][\/av_heading]\r\n\r\n[av_textblock size='' av-medium-font-size='' av-small-font-size='' av-mini-font-size='' font_color='' color='' id='' custom_class='' template_class='' av_uid='av-m8e5oq' sc_version='1.0' admin_preview_bg='']\r\n<p style=\"text-align: justify;\">Visita guiada al Museo Casa de Los Volcanes y un sendero por la antigua planta Denver en b\u00fasqueda de oro<\/p>\r\n[\/av_textblock]\r\n\r\n[\/av_one_half][av_one_half min_height='av-equal-height-column' vertical_alignment='av-align-top' space='' row_boxshadow_color='' row_boxshadow_width='10' margin='0px' margin_sync='true' mobile_breaking='' border='' border_color='' radius='10px' radius_sync='true' padding='30px' padding_sync='true' column_boxshadow='aviaTBcolumn_boxshadow' column_boxshadow_color='rgba(0,0,0,0.38)' column_boxshadow_width='10' background='bg_color' background_color='' background_gradient_color1='' background_gradient_color2='' background_gradient_direction='vertical' src='' attachment='' attachment_size='' background_position='top left' background_repeat='no-repeat' highlight_size='1.1' animation='' link='' linktarget='' link_hover='' title_attr='' alt_attr='' mobile_display='' id='' custom_class='' template_class='' aria_label='' av_uid='av-66otze' sc_version='1.0']\r\n\r\n[av_heading heading='VISITA MUSEO CASA DE LOS VOLCANES Y TALLER DE ASTROTURISMO' tag='h4' style='blockquote modern-quote modern-centered' subheading_active='' show_icon='' icon='ue800' font='entypo-fontello' size='' av-medium-font-size-title='' av-small-font-size-title='' av-mini-font-size-title='' subheading_size='' av-medium-font-size='' av-small-font-size='' av-mini-font-size='' icon_size='' av-medium-font-size-1='' av-small-font-size-1='' av-mini-font-size-1='' color='' custom_font='' icon_color='' margin='' margin_sync='true' padding='10' icon_padding='10' link='' link_target='' id='' custom_class='' template_class='' av_uid='av-48blzu' sc_version='1.0' admin_preview_bg=''][\/av_heading]\r\n\r\n[av_textblock size='' av-medium-font-size='' av-small-font-size='' av-mini-font-size='' font_color='' color='' id='' custom_class='' template_class='' av_uid='av-2cju7e' sc_version='1.0' admin_preview_bg='']\r\n<p style=\"text-align: justify;\">Visita guiada al museo Casa de los Volcanes y taller de astroturismo en la sala de audiovisuales a trav\u00e9s del programa stellarium.<\/p>\r\n[\/av_textblock]\r\n\r\n[\/av_one_half][av_one_half first min_height='av-equal-height-column' vertical_alignment='av-align-top' space='' row_boxshadow_color='' row_boxshadow_width='10' margin='0px' margin_sync='true' mobile_breaking='' border='' border_color='' radius='10px' radius_sync='true' padding='30px' padding_sync='true' column_boxshadow='aviaTBcolumn_boxshadow' column_boxshadow_color='rgba(0,0,0,0.38)' column_boxshadow_width='10' background='bg_color' background_color='' background_gradient_color1='' background_gradient_color2='' background_gradient_direction='vertical' src='' attachment='' attachment_size='' background_position='top left' background_repeat='no-repeat' highlight_size='1.1' animation='' link='' linktarget='' link_hover='' title_attr='' alt_attr='' mobile_display='' id='' custom_class='' template_class='' aria_label='' av_uid='av-b64ga2' sc_version='1.0']\r\n\r\n[av_heading heading='TALLER BIOVIDERSIDAD BINGO EN EL JARD\u00cdN BOT\u00c1NICO' tag='h4' style='blockquote modern-quote modern-centered' subheading_active='' show_icon='' icon='ue800' font='entypo-fontello' size='' av-medium-font-size-title='' av-small-font-size-title='' av-mini-font-size-title='' subheading_size='' av-medium-font-size='' av-small-font-size='' av-mini-font-size='' icon_size='' av-medium-font-size-1='' av-small-font-size-1='' av-mini-font-size-1='' color='' custom_font='' icon_color='' margin='' margin_sync='true' padding='10' icon_padding='10' link='' link_target='' id='' custom_class='' template_class='' av_uid='av-8uael6' sc_version='1.0' admin_preview_bg=''][\/av_heading]\r\n\r\n[av_textblock size='' av-medium-font-size='' av-small-font-size='' av-mini-font-size='' font_color='' color='' id='' custom_class='' template_class='' av_uid='av-83lyyy' sc_version='1.0' admin_preview_bg='']\r\nEste taller se realizar\u00e1 en el jard\u00edn bot\u00e1nico, primero se desayunar\u00e1 en la zona habilitada para ello, cada alumno traer\u00e1 su propio desayuno. Se repartir\u00e1n a los distintos grupos que haremos, un folio y l\u00e1pices donde tendr\u00e1n que buscar y dibujar distintos tipos de hojas, plantas y frutos en nuestra ruta por el jard\u00edn.\r\n[\/av_textblock]\r\n\r\n[\/av_one_half][av_one_half min_height='av-equal-height-column' vertical_alignment='av-align-top' space='' row_boxshadow_color='' row_boxshadow_width='10' margin='0px' margin_sync='true' mobile_breaking='' border='' border_color='' radius='10px' radius_sync='true' padding='30px' padding_sync='true' column_boxshadow='aviaTBcolumn_boxshadow' column_boxshadow_color='rgba(0,0,0,0.38)' column_boxshadow_width='10' background='bg_color' background_color='' background_gradient_color1='' background_gradient_color2='' background_gradient_direction='vertical' src='' attachment='' attachment_size='' background_position='top left' background_repeat='no-repeat' highlight_size='1.1' animation='' link='' linktarget='' link_hover='' title_attr='' alt_attr='' mobile_display='' id='' custom_class='' template_class='' aria_label='' av_uid='av-5p146i' sc_version='1.0']\r\n\r\n[av_heading heading='RUTA PAISAJE (CERRO DE LA CRUZ)' tag='h4' style='blockquote modern-quote modern-centered' subheading_active='' show_icon='' icon='ue800' font='entypo-fontello' size='' av-medium-font-size-title='' av-small-font-size-title='' av-mini-font-size-title='' subheading_size='' av-medium-font-size='' av-small-font-size='' av-mini-font-size='' icon_size='' av-medium-font-size-1='' av-small-font-size-1='' av-mini-font-size-1='' color='' custom_font='' icon_color='' margin='' margin_sync='true' padding='10' icon_padding='10' link='' link_target='' id='' custom_class='' template_class='' av_uid='av-4djd96' sc_version='1.0' admin_preview_bg=''][\/av_heading]\r\n\r\n[av_textblock size='' av-medium-font-size='' av-small-font-size='' av-mini-font-size='' font_color='' color='' id='' custom_class='' template_class='' av_uid='av-22cwbu' sc_version='1.0' admin_preview_bg='']\r\nEste taller se realizar\u00e1 en el jard\u00edn bot\u00e1nico, primero se desayunar\u00e1 en la zona habilitada para ello, cada alumno traer\u00e1 su propio desayuno. Ruta para los peques, peque\u00f1o sendero que parte del jard\u00edn bot\u00e1nico para disfrutar de la flora y fauna que nos rodea.\r\n[\/av_textblock]\r\n\r\n[\/av_one_half][\/av_section][av_slideshow_full size='no scaling' min_height='0px' stretch='' control_layout='av-control-default' src='' attachment='' attachment_size='' position='top left' repeat='no-repeat' attach='scroll' conditional_play='' animation='slide' transition_speed='' autoplay='false' interval='5' lazy_loading='disabled' id='' custom_class='' template_class='' av_uid='av-lm67l3x3' sc_version='1.0']\r\n[av_slide_full id='5192' av_uid='av-a8xwq'][\/av_slide_full]\r\n[\/av_slideshow_full]\r\n\r\n[av_section min_height='' min_height_pc='25' min_height_px='500px' padding='default' margin='' custom_margin='0px' color='main_color' background='bg_color' custom_bg='' background_gradient_color1='' background_gradient_color2='' background_gradient_direction='vertical' src='' attach='scroll' position='top left' repeat='no-repeat' video='' video_ratio='16:9' video_mobile_disabled='' overlay_enable='' overlay_opacity='0.5' overlay_color='' overlay_pattern='' overlay_custom_pattern='' shadow='no-border-styling' bottom_border='no-border-styling' bottom_border_diagonal_color='#333333' bottom_border_diagonal_direction='' bottom_border_style='' scroll_down='' custom_arrow_bg='' av-desktop-hide='' av-medium-hide='' av-small-hide='' av-mini-hide='' id='' custom_class='' template_class='' aria_label='' av_element_hidden_in_editor='0' av_uid='av-2k0tui' sc_version='1.0']\r\n[av_image src='https:\/\/www.subparke.es\/wp-content\/uploads\/2023\/09\/precios2024_x1920.jpg' attachment='5179' attachment_size='full' copyright='' caption='' styling='' align='center' font_size='' overlay_opacity='0.4' overlay_color='#000000' overlay_text_color='#ffffff' animation='no-animation' hover='' appearance='' link='' target='' title_attr='' alt_attr='' lazy_loading='disabled' id='' custom_class='' template_class='' av_element_hidden_in_editor='0' av_uid='av-l8aoap18' sc_version='1.0' admin_preview_bg=''][\/av_image]\r\n[\/av_section]\r\n\r\n[av_section min_height='' min_height_pc='25' min_height_px='500px' padding='default' custom_margin='0px' custom_margin_sync='true' color='main_color' background='bg_color' custom_bg='#f2f2f2' background_gradient_color1='' background_gradient_color2='' background_gradient_direction='vertical' src='' attachment='' attachment_size='' attach='scroll' position='top left' repeat='no-repeat' video='' video_ratio='16:9' overlay_opacity='0.5' overlay_color='' overlay_pattern='' overlay_custom_pattern='' shadow='no-border-styling' bottom_border='no-border-styling' bottom_border_diagonal_color='#333333' bottom_border_diagonal_direction='' bottom_border_style='' custom_arrow_bg='' id='' custom_class='' template_class='' aria_label='' av_element_hidden_in_editor='0' av_uid='av-l8aobs25' sc_version='1.0']\r\n[av_heading heading='Si necesita m\u00e1s informaci\u00f3n o desea contactar con nosotros' tag='h2' style='blockquote modern-quote modern-centered' subheading_active='' show_icon='' icon='ue800' font='entypo-fontello' size='' av-medium-font-size-title='' av-small-font-size-title='' av-mini-font-size-title='' subheading_size='' av-medium-font-size='' av-small-font-size='' av-mini-font-size='' icon_size='' av-medium-font-size-1='' av-small-font-size-1='' av-mini-font-size-1='' color='' custom_font='' icon_color='' margin='' margin_sync='true' padding='10' icon_padding='10' link='' link_target='' id='' custom_class='' template_class='' av_uid='av-l8aodofu' sc_version='1.0' admin_preview_bg=''][\/av_heading]\r\n\r\n[av_textblock size='34' av-medium-font-size='18' av-small-font-size='14' av-mini-font-size='12' font_color='' color='' id='' custom_class='' template_class='' av_uid='av-l8ao613s' sc_version='1.0' admin_preview_bg='']\r\n<p style=\"text-align: center;\"><a href=\"mailto:subparkecomercialmk@gmail.com\">subparkecomercialmk@gmail.com<\/a>\r\n<a href=\"tel:669378060\">669378060<\/a><\/p>\r\n[\/av_textblock]\r\n[\/av_section]\r\n\r\n\n<div   class=\"togglecontainer   toggle_close_all  avia-builder-el-17  el_after_av_postcontent  avia-builder-el-no-sibling \" >\n<section class=\"av_toggle_section\"  itemscope=\"itemscope\" itemtype=\"https:\/\/schema.org\/CreativeWork\"  >    <div role=\"tablist\" class=\"single_toggle\" data-tags=\"{All} \"  >        <p data-fake-id=\"#toggle-id-1\" class=\"toggler \"  itemprop=\"headline\"    role=\"tab\" tabindex=\"0\" aria-controls=\"toggle-id-1\">APRENDE A ORIENTARTE<span class=\"toggle_icon\" >        <span class=\"vert_icon\"><\/span><span class=\"hor_icon\"><\/span><\/span><\/p>        <div id=\"toggle-id-1\" class=\"toggle_wrap \"   >            <div class=\"toggle_content invers-color \"  itemprop=\"text\"   ><p>Celebrando el d\u00eda internacional de la naturaleza, se plantea esta actividad para comprender lo fr\u00e1gil que es y la importancia que tiene en la vida.<br \/>\nSe reunir\u00e1 a los participantes en el Centro de visitantes Las Amoladeras donde se har\u00e1 una visita guiada al equipamiento.<br \/>\nSeguidamente se har\u00e1 una charla por parte de nuestros monitores donde se pondr\u00e1 en valor la riqueza de la naturaleza que encontramos en Almer\u00eda y<br \/>\nespecialmente en el Parque Natural Cabo de Gata-Nijar.<br \/>\nRuta por el sendero oficial a cargo de nuestros gu\u00edas donde se observar\u00e1 la flora y fauna m\u00e1s caracter\u00edstica del entorno de Las Amoladeras.<\/p>\n<p>09:00 Llegada al Centro de Visitantes Las Amoladeras<br \/>\n09:15 Visita guiada al equipamiento e interpretaci\u00f3n de la exposici\u00f3n.<br \/>\n09:45 Charla de nuestros gu\u00edas acerca de la Finca P\u00fablica de Las Amoladeras<br \/>\n10:00 Sendero interpretado en familia donde reconoceremos la flora y la fauna.<br \/>\n11:00 F\u00edn de la actividad<\/p>\n<p>RECOMENDACIONES<br \/>\n*ropa c\u00f3moda<br \/>\n*ropa de abrigo para primera hora<br \/>\n*ropa mas ligera por si sale el sol<br \/>\n* protecci\u00f3n solar<br \/>\n* calzado cerrado para andar<\/p>\n<p>Con cualquier duda o aclaraci\u00f3n tlf 950160435 (Centro Visitantes las Amoladeras)<\/p>\n<p>*IMPRESCINDIBLE TRAER MASCARILLA<br \/>\nROGAMOS MANTENGAN LAS MEDIDAS DE SEGURIDAD COVID-19<\/p>\n            <\/div>        <\/div>    <\/div><\/section>\n<section class=\"av_toggle_section\"  itemscope=\"itemscope\" itemtype=\"https:\/\/schema.org\/CreativeWork\"  >    <div role=\"tablist\" class=\"single_toggle\" data-tags=\"{All} \"  >        <p data-fake-id=\"#toggle-id-2\" class=\"toggler \"  itemprop=\"headline\"    role=\"tab\" tabindex=\"0\" aria-controls=\"toggle-id-2\">ARQUEOLOG\u00cdA SUBACU\u00c1TICA<span class=\"toggle_icon\" >        <span class=\"vert_icon\"><\/span><span class=\"hor_icon\"><\/span><\/span><\/p>        <div id=\"toggle-id-2\" class=\"toggle_wrap \"   >            <div class=\"toggle_content invers-color \"  itemprop=\"text\"   ><p>Celebrando el d\u00eda internacional del reciclaje, se plantea esta actividad para comprender la importancia que tiene el reciclaje y las nefastas consecuencias de no hacerlo.<br \/>\nSe reunir\u00e1 a los participantes en el Centro de visitantes Las Amoladeras donde se har\u00e1 una visita guiada al equipamiento.<br \/>\nSeguidamente se har\u00e1 una charla\/taller a cargo de la T\u00e9cnico en Reciclaje D\u00aa.MAR\u00cdA DOLORES JIM\u00c9NEZ PALENZUELA donde se pondr\u00e1 en evidencia la problem\u00e1tica del pl\u00e1stico, distintos vertidos y basuras que encontramos en Almer\u00eda y especialmente en el Parque Natural Cabo de Gata-Nijar.<br \/>\nTaller donde se realizar\u00e1n trabajos con materiales reciclados ( latas, pl\u00e1stico, corcho, etc..) para intentar darles una nueva vida.<\/p>\n<p>09:00 Llegada al Centro de Visitantes Las Amoladeras<br \/>\n09:15 Visita guiada al equipamiento e interpretaci\u00f3n de la exposici\u00f3n.<br \/>\n09:45 Charla\/Taller a cargo de la T\u00e9cnico en Reciclaje D\u00aa. MAR\u00cdA DOLORES JIM\u00c9NEZ PALENZUELA.<br \/>\n11:00 Fin de la actividad<\/p>\n<p>RECOMENDACIONES<br \/>\n* ropa c\u00f3moda<br \/>\n*ropa de abrigo para primera hora<br \/>\n* ropa mas ligera por si sale el sol<br \/>\n* calzado cerrado para andar<\/p>\n<p>Con cualquier duda o aclaraci\u00f3n tlf 950160435 (Centro Visitantes las Amoladeras)<\/p>\n<p>*IMPRESCINDIBLE TRAER MASCARILLA<br \/>\nROGAMOS MANTENGAN LAS MEDIDAS DE SEGURIDAD COVID-19<\/p>\n            <\/div>        <\/div>    <\/div><\/section>\n<section class=\"av_toggle_section\"  itemscope=\"itemscope\" itemtype=\"https:\/\/schema.org\/CreativeWork\"  >    <div role=\"tablist\" class=\"single_toggle\" data-tags=\"{All} \"  >        <p data-fake-id=\"#toggle-id-3\" class=\"toggler \"  itemprop=\"headline\"    role=\"tab\" tabindex=\"0\" aria-controls=\"toggle-id-3\">ARQUE\u00d3LOGO POR UN D\u00cdA<span class=\"toggle_icon\" >        <span class=\"vert_icon\"><\/span><span class=\"hor_icon\"><\/span><\/span><\/p>        <div id=\"toggle-id-3\" class=\"toggle_wrap \"   >            <div class=\"toggle_content invers-color \"  itemprop=\"text\"   ><p>Contenido del desplegable va aqu\u00ed<\/p>\n            <\/div>        <\/div>    <\/div><\/section>\n<section class=\"av_toggle_section\"  itemscope=\"itemscope\" itemtype=\"https:\/\/schema.org\/CreativeWork\"  >    <div role=\"tablist\" class=\"single_toggle\" data-tags=\"{All} \"  >        <p data-fake-id=\"#toggle-id-4\" class=\"toggler \"  itemprop=\"headline\"    role=\"tab\" tabindex=\"0\" aria-controls=\"toggle-id-4\">BUSCADORES DE ORO<span class=\"toggle_icon\" >        <span class=\"vert_icon\"><\/span><span class=\"hor_icon\"><\/span><\/span><\/p>        <div id=\"toggle-id-4\" class=\"toggle_wrap \"   >            <div class=\"toggle_content invers-color \"  itemprop=\"text\"   ><p>Contenido del desplegable va aqu\u00ed<\/p>\n            <\/div>        <\/div>    <\/div><\/section>\n<section class=\"av_toggle_section\"  itemscope=\"itemscope\" itemtype=\"https:\/\/schema.org\/CreativeWork\"  >    <div role=\"tablist\" class=\"single_toggle\" data-tags=\"{All} \"  >        <p data-fake-id=\"#toggle-id-5\" class=\"toggler \"  itemprop=\"headline\"    role=\"tab\" tabindex=\"0\" aria-controls=\"toggle-id-5\">CONSTRUYE LA CASA DE LOS M\u00c1 PEQUE\u00d1OS<span class=\"toggle_icon\" >        <span class=\"vert_icon\"><\/span><span class=\"hor_icon\"><\/span><\/span><\/p>        <div id=\"toggle-id-5\" class=\"toggle_wrap \"   >            <div class=\"toggle_content invers-color \"  itemprop=\"text\"   ><p>Contenido del desplegable va aqu\u00ed<\/p>\n            <\/div>        <\/div>    <\/div><\/section>\n<section class=\"av_toggle_section\"  itemscope=\"itemscope\" itemtype=\"https:\/\/schema.org\/CreativeWork\"  >    <div role=\"tablist\" class=\"single_toggle\" data-tags=\"{All} \"  >        <p data-fake-id=\"#toggle-id-6\" class=\"toggler \"  itemprop=\"headline\"    role=\"tab\" tabindex=\"0\" aria-controls=\"toggle-id-6\">CONSTRUYE LA CASA DE TUS AMIGOS<span class=\"toggle_icon\" >        <span class=\"vert_icon\"><\/span><span class=\"hor_icon\"><\/span><\/span><\/p>        <div id=\"toggle-id-6\" class=\"toggle_wrap \"   >            <div class=\"toggle_content invers-color \"  itemprop=\"text\"   ><p>Contenido del desplegable va aqu\u00ed<\/p>\n            <\/div>        <\/div>    <\/div><\/section>\n<section class=\"av_toggle_section\"  itemscope=\"itemscope\" itemtype=\"https:\/\/schema.org\/CreativeWork\"  >    <div role=\"tablist\" class=\"single_toggle\" data-tags=\"{All} \"  >        <p data-fake-id=\"#toggle-id-7\" class=\"toggler \"  itemprop=\"headline\"    role=\"tab\" tabindex=\"0\" aria-controls=\"toggle-id-7\">D\u00cdA INTERNACIONAL DE LA NATURALEZA<span class=\"toggle_icon\" >        <span class=\"vert_icon\"><\/span><span class=\"hor_icon\"><\/span><\/span><\/p>        <div id=\"toggle-id-7\" class=\"toggle_wrap \"   >            <div class=\"toggle_content invers-color \"  itemprop=\"text\"   ><p>Celebrando el d\u00eda internacional de la naturaleza, se plantea esta actividad para comprender lo fr\u00e1gil que es y la importancia que tiene en la vida.<br \/>\nSe reunir\u00e1 a los participantes en el Centro de visitantes Las Amoladeras donde se har\u00e1 una visita guiada al equipamiento.<br \/>\nSeguidamente se har\u00e1 una charla por parte de nuestros monitores donde se pondr\u00e1 en valor la riqueza de la naturaleza que encontramos en Almer\u00eda y<br \/>\nespecialmente en el Parque Natural Cabo de Gata-Nijar.<br \/>\nRuta por el sendero oficial a cargo de nuestros gu\u00edas donde se observar\u00e1 la flora y fauna m\u00e1s caracter\u00edstica del entorno de Las Amoladeras.<\/p>\n<p>09:00 Llegada al Centro de Visitantes Las Amoladeras<br \/>\n09:15 Visita guiada al equipamiento e interpretaci\u00f3n de la exposici\u00f3n.<br \/>\n09:45 Charla de nuestros gu\u00edas acerca de la Finca P\u00fablica de Las Amoladeras<br \/>\n10:00 Sendero interpretado en familia donde reconoceremos la flora y la fauna.<br \/>\n11:00 F\u00edn de la actividad<\/p>\n<p>RECOMENDACIONES<\/p>\n<ul>\n<li>Ropa c\u00f3moda<\/li>\n<li>Ropa de abrigo para primera hora<\/li>\n<li>Ropa mas ligera por si sale el sol<\/li>\n<li>Protecci\u00f3n solar<\/li>\n<li>Calzado cerrado para andar<\/li>\n<\/ul>\n<p>Con cualquier duda o aclaraci\u00f3n tlf 950160435 (Centro Visitantes las Amoladeras)<\/p>\n            <\/div>        <\/div>    <\/div><\/section>\n<section class=\"av_toggle_section\"  itemscope=\"itemscope\" itemtype=\"https:\/\/schema.org\/CreativeWork\"  >    <div role=\"tablist\" class=\"single_toggle\" data-tags=\"{All} \"  >        <p data-fake-id=\"#toggle-id-8\" class=\"toggler \"  itemprop=\"headline\"    role=\"tab\" tabindex=\"0\" aria-controls=\"toggle-id-8\">D\u00cdA INTERNACIONAL DEL RECICLAJE<span class=\"toggle_icon\" >        <span class=\"vert_icon\"><\/span><span class=\"hor_icon\"><\/span><\/span><\/p>        <div id=\"toggle-id-8\" class=\"toggle_wrap \"   >            <div class=\"toggle_content invers-color \"  itemprop=\"text\"   ><p>Celebrando el d\u00eda internacional del reciclaje, se plantea esta actividad para comprender la importancia que tiene el reciclaje y las nefastas consecuencias de no hacerlo.<br \/>\nSe reunir\u00e1 a los participantes en el Centro de visitantes Las Amoladeras donde se har\u00e1 una visita guiada al equipamiento.<br \/>\nSeguidamente se har\u00e1 una charla\/taller a cargo de la T\u00e9cnico en Reciclaje D\u00aa.MAR\u00cdA DOLORES JIM\u00c9NEZ PALENZUELA donde se pondr\u00e1 en evidencia la problem\u00e1tica del pl\u00e1stico, distintos vertidos y basuras que encontramos en Almer\u00eda y especialmente en el Parque Natural Cabo de Gata-Nijar.<br \/>\nTaller donde se realizar\u00e1n trabajos con materiales reciclados ( latas, pl\u00e1stico, corcho, etc..) para intentar darles una nueva vida.<\/p>\n<p>09:00 Llegada al Centro de Visitantes Las Amoladeras<br \/>\n09:15 Visita guiada al equipamiento e interpretaci\u00f3n de la exposici\u00f3n.<br \/>\n09:45 Charla\/Taller a cargo de la T\u00e9cnico en Reciclaje D\u00aa. MAR\u00cdA DOLORES JIM\u00c9NEZ PALENZUELA.<br \/>\n11:00 Fin de la actividad<\/p>\n<p>RECOMENDACIONES<\/p>\n<ul>\n<li>Ropa c\u00f3moda<\/li>\n<li>Ropa de abrigo para primera hora<\/li>\n<li>Ropa mas ligera por si sale el sol<\/li>\n<li>Calzado cerrado para andar<\/li>\n<\/ul>\n<p>Con cualquier duda o aclaraci\u00f3n tlf 950160435 (Centro Visitantes las Amoladeras)<\/p>\n            <\/div>        <\/div>    <\/div><\/section>\n<section class=\"av_toggle_section\"  itemscope=\"itemscope\" itemtype=\"https:\/\/schema.org\/CreativeWork\"  >    <div role=\"tablist\" class=\"single_toggle\" data-tags=\"{All} \"  >        <p data-fake-id=\"#toggle-id-9\" class=\"toggler \"  itemprop=\"headline\"    role=\"tab\" tabindex=\"0\" aria-controls=\"toggle-id-9\">D\u00cdA INTERNACIONAL CONTRA LA DESERTIFICACI\u00d3N<span class=\"toggle_icon\" >        <span class=\"vert_icon\"><\/span><span class=\"hor_icon\"><\/span><\/span><\/p>        <div id=\"toggle-id-9\" class=\"toggle_wrap \"   >            <div class=\"toggle_content invers-color \"  itemprop=\"text\"   ><p>Cualquier duda o aclaraci\u00f3n tlf 950160435 (Centro Visitantes las Amoladeras)<\/p>\n            <\/div>        <\/div>    <\/div><\/section>\n<section class=\"av_toggle_section\"  itemscope=\"itemscope\" itemtype=\"https:\/\/schema.org\/CreativeWork\"  >    <div role=\"tablist\" class=\"single_toggle\" data-tags=\"{All} \"  >        <p data-fake-id=\"#toggle-id-10\" class=\"toggler \"  itemprop=\"headline\"    role=\"tab\" tabindex=\"0\" aria-controls=\"toggle-id-10\">D\u00cdA INTERNACIONAL DE LA ASTRONOMIA<span class=\"toggle_icon\" >        <span class=\"vert_icon\"><\/span><span class=\"hor_icon\"><\/span><\/span><\/p>        <div id=\"toggle-id-10\" class=\"toggle_wrap \"   >            <div class=\"toggle_content invers-color \"  itemprop=\"text\"   ><p>Cualquier duda o aclaraci\u00f3n tlf 950160435 (Centro Visitantes las Amoladeras)<\/p>\n            <\/div>        <\/div>    <\/div><\/section>\n<section class=\"av_toggle_section\"  itemscope=\"itemscope\" itemtype=\"https:\/\/schema.org\/CreativeWork\"  >    <div role=\"tablist\" class=\"single_toggle\" data-tags=\"{All} \"  >        <p data-fake-id=\"#toggle-id-11\" class=\"toggler \"  itemprop=\"headline\"    role=\"tab\" tabindex=\"0\" aria-controls=\"toggle-id-11\">D\u00cdA INTERNACIONAL DE LAS AVES MIGRATORIAS<span class=\"toggle_icon\" >        <span class=\"vert_icon\"><\/span><span class=\"hor_icon\"><\/span><\/span><\/p>        <div id=\"toggle-id-11\" class=\"toggle_wrap \"   >            <div class=\"toggle_content invers-color \"  itemprop=\"text\"   ><p>Cualquier duda o aclaraci\u00f3n tlf 950160435 (Centro Visitantes las Amoladeras)<\/p>\n            <\/div>        <\/div>    <\/div><\/section>\n<section class=\"av_toggle_section\"  itemscope=\"itemscope\" itemtype=\"https:\/\/schema.org\/CreativeWork\"  >    <div role=\"tablist\" class=\"single_toggle\" data-tags=\"{All} \"  >        <p data-fake-id=\"#toggle-id-12\" class=\"toggler \"  itemprop=\"headline\"    role=\"tab\" tabindex=\"0\" aria-controls=\"toggle-id-12\">D\u00cdA INTERNACIONAL DE LAS MONTA\u00d1AS<span class=\"toggle_icon\" >        <span class=\"vert_icon\"><\/span><span class=\"hor_icon\"><\/span><\/span><\/p>        <div id=\"toggle-id-12\" class=\"toggle_wrap \"   >            <div class=\"toggle_content invers-color \"  itemprop=\"text\"   ><p>Cualquier duda o aclaraci\u00f3n tlf 950160435 (Centro Visitantes las Amoladeras)<\/p>\n            <\/div>        <\/div>    <\/div><\/section>\n<section class=\"av_toggle_section\"  itemscope=\"itemscope\" itemtype=\"https:\/\/schema.org\/CreativeWork\"  >    <div role=\"tablist\" class=\"single_toggle\" data-tags=\"{All} \"  >        <p data-fake-id=\"#toggle-id-13\" class=\"toggler \"  itemprop=\"headline\"    role=\"tab\" tabindex=\"0\" aria-controls=\"toggle-id-13\">D\u00cdA INTERNACIONAL DEL AIRE LIMPIO POR UN CIELO AZUL<span class=\"toggle_icon\" >        <span class=\"vert_icon\"><\/span><span class=\"hor_icon\"><\/span><\/span><\/p>        <div id=\"toggle-id-13\" class=\"toggle_wrap \"   >            <div class=\"toggle_content invers-color \"  itemprop=\"text\"   ><p>Cualquier duda o aclaraci\u00f3n tlf 950160435 (Centro Visitantes las Amoladeras)<\/p>\n            <\/div>        <\/div>    <\/div><\/section>\n<section class=\"av_toggle_section\"  itemscope=\"itemscope\" itemtype=\"https:\/\/schema.org\/CreativeWork\"  >    <div role=\"tablist\" class=\"single_toggle\" data-tags=\"{All} \"  >        <p data-fake-id=\"#toggle-id-14\" class=\"toggler \"  itemprop=\"headline\"    role=\"tab\" tabindex=\"0\" aria-controls=\"toggle-id-14\">D\u00cdA INTERNACIONAL DEL PATRIMONIO HIDR\u00c1ULICO<span class=\"toggle_icon\" >        <span class=\"vert_icon\"><\/span><span class=\"hor_icon\"><\/span><\/span><\/p>        <div id=\"toggle-id-14\" class=\"toggle_wrap \"   >            <div class=\"toggle_content invers-color \"  itemprop=\"text\"   ><p>Cualquier duda o aclaraci\u00f3n tlf 950160435 (Centro Visitantes las Amoladeras)<\/p>\n            <\/div>        <\/div>    <\/div><\/section>\n<section class=\"av_toggle_section\"  itemscope=\"itemscope\" itemtype=\"https:\/\/schema.org\/CreativeWork\"  >    <div role=\"tablist\" class=\"single_toggle\" data-tags=\"{All} \"  >        <p data-fake-id=\"#toggle-id-15\" class=\"toggler \"  itemprop=\"headline\"    role=\"tab\" tabindex=\"0\" aria-controls=\"toggle-id-15\">D\u00cdA INTERNACIONAL DEL SUELO<span class=\"toggle_icon\" >        <span class=\"vert_icon\"><\/span><span class=\"hor_icon\"><\/span><\/span><\/p>        <div id=\"toggle-id-15\" class=\"toggle_wrap \"   >            <div class=\"toggle_content invers-color \"  itemprop=\"text\"   ><p>Cualquier duda o aclaraci\u00f3n tlf 950160435 (Centro Visitantes las Amoladeras)<\/p>\n            <\/div>        <\/div>    <\/div><\/section>\n<section class=\"av_toggle_section\"  itemscope=\"itemscope\" itemtype=\"https:\/\/schema.org\/CreativeWork\"  >    <div role=\"tablist\" class=\"single_toggle\" data-tags=\"{All} \"  >        <p data-fake-id=\"#toggle-id-16\" class=\"toggler \"  itemprop=\"headline\"    role=\"tab\" tabindex=\"0\" aria-controls=\"toggle-id-16\">D\u00cdA INTERNACIONAL PARA LA LIMPIEZA DE PLAYAS Y COSTAS<span class=\"toggle_icon\" >        <span class=\"vert_icon\"><\/span><span class=\"hor_icon\"><\/span><\/span><\/p>        <div id=\"toggle-id-16\" class=\"toggle_wrap \"   >            <div class=\"toggle_content invers-color \"  itemprop=\"text\"   ><p>Cualquier duda o aclaraci\u00f3n tlf 950160435 (Centro Visitantes las Amoladeras)<\/p>\n            <\/div>        <\/div>    <\/div><\/section>\n<section class=\"av_toggle_section\"  itemscope=\"itemscope\" itemtype=\"https:\/\/schema.org\/CreativeWork\"  >    <div role=\"tablist\" class=\"single_toggle\" data-tags=\"{All} \"  >        <p data-fake-id=\"#toggle-id-17\" class=\"toggler \"  itemprop=\"headline\"    role=\"tab\" tabindex=\"0\" aria-controls=\"toggle-id-17\">EMERGENCIAS EN EL PARQUE<span class=\"toggle_icon\" >        <span class=\"vert_icon\"><\/span><span class=\"hor_icon\"><\/span><\/span><\/p>        <div id=\"toggle-id-17\" class=\"toggle_wrap \"   >            <div class=\"toggle_content invers-color \"  itemprop=\"text\"   ><p>Cualquier duda o aclaraci\u00f3n tlf 950160435 (Centro Visitantes las Amoladeras)<\/p>\n            <\/div>        <\/div>    <\/div><\/section>\n<section class=\"av_toggle_section\"  itemscope=\"itemscope\" itemtype=\"https:\/\/schema.org\/CreativeWork\"  >    <div role=\"tablist\" class=\"single_toggle\" data-tags=\"{All} \"  >        <p data-fake-id=\"#toggle-id-18\" class=\"toggler \"  itemprop=\"headline\"    role=\"tab\" tabindex=\"0\" aria-controls=\"toggle-id-18\">EN BUSCA DEL NORTE<span class=\"toggle_icon\" >        <span class=\"vert_icon\"><\/span><span class=\"hor_icon\"><\/span><\/span><\/p>        <div id=\"toggle-id-18\" class=\"toggle_wrap \"   >            <div class=\"toggle_content invers-color \"  itemprop=\"text\"   ><p>Contenido del desplegable va aqu\u00ed<\/p>\n            <\/div>        <\/div>    <\/div><\/section>\n<section class=\"av_toggle_section\"  itemscope=\"itemscope\" itemtype=\"https:\/\/schema.org\/CreativeWork\"  >    <div role=\"tablist\" class=\"single_toggle\" data-tags=\"{All} \"  >        <p data-fake-id=\"#toggle-id-19\" class=\"toggler \"  itemprop=\"headline\"    role=\"tab\" tabindex=\"0\" aria-controls=\"toggle-id-19\">ENCUENTRA TU AVE PREFERIDA<span class=\"toggle_icon\" >        <span class=\"vert_icon\"><\/span><span class=\"hor_icon\"><\/span><\/span><\/p>        <div id=\"toggle-id-19\" class=\"toggle_wrap \"   >            <div class=\"toggle_content invers-color \"  itemprop=\"text\"   ><p>Contenido del desplegable va aqu\u00ed<\/p>\n            <\/div>        <\/div>    <\/div><\/section>\n<section class=\"av_toggle_section\"  itemscope=\"itemscope\" itemtype=\"https:\/\/schema.org\/CreativeWork\"  >    <div role=\"tablist\" class=\"single_toggle\" data-tags=\"{All} \"  >        <p data-fake-id=\"#toggle-id-20\" class=\"toggler \"  itemprop=\"headline\"    role=\"tab\" tabindex=\"0\" aria-controls=\"toggle-id-20\">EXPOSICI\u00d3N DE ACUARELAS EN EL PARQUE<span class=\"toggle_icon\" >        <span class=\"vert_icon\"><\/span><span class=\"hor_icon\"><\/span><\/span><\/p>        <div id=\"toggle-id-20\" class=\"toggle_wrap \"   >            <div class=\"toggle_content invers-color \"  itemprop=\"text\"   ><p>Cualquier duda o aclaraci\u00f3n tlf 950160435 (Centro Visitantes las Amoladeras)<\/p>\n            <\/div>        <\/div>    <\/div><\/section>\n<section class=\"av_toggle_section\"  itemscope=\"itemscope\" itemtype=\"https:\/\/schema.org\/CreativeWork\"  >    <div role=\"tablist\" class=\"single_toggle\" data-tags=\"{All} \"  >        <p data-fake-id=\"#toggle-id-21\" class=\"toggler \"  itemprop=\"headline\"    role=\"tab\" tabindex=\"0\" aria-controls=\"toggle-id-21\">GU\u00cdA RESERVA MARINA CABO DE GATA NIJAR<span class=\"toggle_icon\" >        <span class=\"vert_icon\"><\/span><span class=\"hor_icon\"><\/span><\/span><\/p>        <div id=\"toggle-id-21\" class=\"toggle_wrap \"   >            <div class=\"toggle_content invers-color \"  itemprop=\"text\"   ><p>Cualquier duda o aclaraci\u00f3n tlf 950160435 (Centro Visitantes las Amoladeras)<\/p>\n            <\/div>        <\/div>    <\/div><\/section>\n<section class=\"av_toggle_section\"  itemscope=\"itemscope\" itemtype=\"https:\/\/schema.org\/CreativeWork\"  >    <div role=\"tablist\" class=\"single_toggle\" data-tags=\"{All} \"  >        <p data-fake-id=\"#toggle-id-22\" class=\"toggler \"  itemprop=\"headline\"    role=\"tab\" tabindex=\"0\" aria-controls=\"toggle-id-22\">LOS LOBOS QUE NOS GU\u00cdAN<span class=\"toggle_icon\" >        <span class=\"vert_icon\"><\/span><span class=\"hor_icon\"><\/span><\/span><\/p>        <div id=\"toggle-id-22\" class=\"toggle_wrap \"   >            <div class=\"toggle_content invers-color \"  itemprop=\"text\"   ><p>Contenido del desplegable va aqu\u00ed<\/p>\n            <\/div>        <\/div>    <\/div><\/section>\n<section class=\"av_toggle_section\"  itemscope=\"itemscope\" itemtype=\"https:\/\/schema.org\/CreativeWork\"  >    <div role=\"tablist\" class=\"single_toggle\" data-tags=\"{All} \"  >        <p data-fake-id=\"#toggle-id-23\" class=\"toggler \"  itemprop=\"headline\"    role=\"tab\" tabindex=\"0\" aria-controls=\"toggle-id-23\">M\u00c1S ALL\u00c1 DE LAS FORTALEZAS<span class=\"toggle_icon\" >        <span class=\"vert_icon\"><\/span><span class=\"hor_icon\"><\/span><\/span><\/p>        <div id=\"toggle-id-23\" class=\"toggle_wrap \"   >            <div class=\"toggle_content invers-color \"  itemprop=\"text\"   ><p>Contenido del desplegable va aqu\u00ed<\/p>\n            <\/div>        <\/div>    <\/div><\/section>\n<section class=\"av_toggle_section\"  itemscope=\"itemscope\" itemtype=\"https:\/\/schema.org\/CreativeWork\"  >    <div role=\"tablist\" class=\"single_toggle\" data-tags=\"{All} \"  >        <p data-fake-id=\"#toggle-id-24\" class=\"toggler \"  itemprop=\"headline\"    role=\"tab\" tabindex=\"0\" aria-controls=\"toggle-id-24\">MONITOR DE TURISMO ACTIVO<span class=\"toggle_icon\" >        <span class=\"vert_icon\"><\/span><span class=\"hor_icon\"><\/span><\/span><\/p>        <div id=\"toggle-id-24\" class=\"toggle_wrap \"   >            <div class=\"toggle_content invers-color \"  itemprop=\"text\"   ><p>Contenido del desplegable va aqu\u00ed<\/p>\n            <\/div>        <\/div>    <\/div><\/section>\n<section class=\"av_toggle_section\"  itemscope=\"itemscope\" itemtype=\"https:\/\/schema.org\/CreativeWork\"  >    <div role=\"tablist\" class=\"single_toggle\" data-tags=\"{All} \"  >        <p data-fake-id=\"#toggle-id-25\" class=\"toggler \"  itemprop=\"headline\"    role=\"tab\" tabindex=\"0\" aria-controls=\"toggle-id-25\">PINTA TU PARQUE EN UNA CAMISETA<span class=\"toggle_icon\" >        <span class=\"vert_icon\"><\/span><span class=\"hor_icon\"><\/span><\/span><\/p>        <div id=\"toggle-id-25\" class=\"toggle_wrap \"   >            <div class=\"toggle_content invers-color \"  itemprop=\"text\"   ><p>Contenido del desplegable va aqu\u00ed<\/p>\n            <\/div>        <\/div>    <\/div><\/section>\n<section class=\"av_toggle_section\"  itemscope=\"itemscope\" itemtype=\"https:\/\/schema.org\/CreativeWork\"  >    <div role=\"tablist\" class=\"single_toggle\" data-tags=\"{All} \"  >        <p data-fake-id=\"#toggle-id-26\" class=\"toggler \"  itemprop=\"headline\"    role=\"tab\" tabindex=\"0\" aria-controls=\"toggle-id-26\">RECUPERACI\u00d3N TRAS LA REFORESTACI\u00d3N<span class=\"toggle_icon\" >        <span class=\"vert_icon\"><\/span><span class=\"hor_icon\"><\/span><\/span><\/p>        <div id=\"toggle-id-26\" class=\"toggle_wrap \"   >            <div class=\"toggle_content invers-color \"  itemprop=\"text\"   ><p>Cualquier duda o aclaraci\u00f3n tlf 950160435 (Centro Visitantes las Amoladeras)<\/p>\n            <\/div>        <\/div>    <\/div><\/section>\n<section class=\"av_toggle_section\"  itemscope=\"itemscope\" itemtype=\"https:\/\/schema.org\/CreativeWork\"  >    <div role=\"tablist\" class=\"single_toggle\" data-tags=\"{All} \"  >        <p data-fake-id=\"#toggle-id-27\" class=\"toggler \"  itemprop=\"headline\"    role=\"tab\" tabindex=\"0\" aria-controls=\"toggle-id-27\">RESTAURACI\u00d3N ECOSISTEMA DEL PLAYAZO<span class=\"toggle_icon\" >        <span class=\"vert_icon\"><\/span><span class=\"hor_icon\"><\/span><\/span><\/p>        <div id=\"toggle-id-27\" class=\"toggle_wrap \"   >            <div class=\"toggle_content invers-color \"  itemprop=\"text\"   ><p>Cualquier duda o aclaraci\u00f3n tlf 950160435 (Centro Visitantes las Amoladeras)<\/p>\n            <\/div>        <\/div>    <\/div><\/section>\n<section class=\"av_toggle_section\"  itemscope=\"itemscope\" itemtype=\"https:\/\/schema.org\/CreativeWork\"  >    <div role=\"tablist\" class=\"single_toggle\" data-tags=\"{All} \"  >        <p data-fake-id=\"#toggle-id-28\" class=\"toggler \"  itemprop=\"headline\"    role=\"tab\" tabindex=\"0\" aria-controls=\"toggle-id-28\">SUPERVIVENCIA EN EL MAR<span class=\"toggle_icon\" >        <span class=\"vert_icon\"><\/span><span class=\"hor_icon\"><\/span><\/span><\/p>        <div id=\"toggle-id-28\" class=\"toggle_wrap \"   >            <div class=\"toggle_content invers-color \"  itemprop=\"text\"   ><p>Contenido del desplegable va aqu\u00ed<\/p>\n            <\/div>        <\/div>    <\/div><\/section>\n<section class=\"av_toggle_section\"  itemscope=\"itemscope\" itemtype=\"https:\/\/schema.org\/CreativeWork\"  >    <div role=\"tablist\" class=\"single_toggle\" data-tags=\"{All} \"  >        <p data-fake-id=\"#toggle-id-29\" class=\"toggler \"  itemprop=\"headline\"    role=\"tab\" tabindex=\"0\" aria-controls=\"toggle-id-29\">SUPERVIVENCIA EN LA MONTA\u00d1A<span class=\"toggle_icon\" >        <span class=\"vert_icon\"><\/span><span class=\"hor_icon\"><\/span><\/span><\/p>        <div id=\"toggle-id-29\" class=\"toggle_wrap \"   >            <div class=\"toggle_content invers-color \"  itemprop=\"text\"   ><p>Contenido del desplegable va aqu\u00ed<\/p>\n            <\/div>        <\/div>    <\/div><\/section>\n<section class=\"av_toggle_section\"  itemscope=\"itemscope\" itemtype=\"https:\/\/schema.org\/CreativeWork\"  >    <div role=\"tablist\" class=\"single_toggle\" data-tags=\"{All} \"  >        <p data-fake-id=\"#toggle-id-30\" class=\"toggler \"  itemprop=\"headline\"    role=\"tab\" tabindex=\"0\" aria-controls=\"toggle-id-30\">SUPERVIVENCIA EN ZONAS \u00c1RIDAS<span class=\"toggle_icon\" >        <span class=\"vert_icon\"><\/span><span class=\"hor_icon\"><\/span><\/span><\/p>        <div id=\"toggle-id-30\" class=\"toggle_wrap \"   >            <div class=\"toggle_content invers-color \"  itemprop=\"text\"   ><p>Contenido del desplegable va aqu\u00ed<\/p>\n            <\/div>        <\/div>    <\/div><\/section>\n<section class=\"av_toggle_section\"  itemscope=\"itemscope\" itemtype=\"https:\/\/schema.org\/CreativeWork\"  >    <div role=\"tablist\" class=\"single_toggle\" data-tags=\"{All} \"  >        <p data-fake-id=\"#toggle-id-31\" class=\"toggler \"  itemprop=\"headline\"    role=\"tab\" tabindex=\"0\" aria-controls=\"toggle-id-31\">VIAJE SUBMARINO A TRAV\u00c9S DE LOS VOLCANES<span class=\"toggle_icon\" >        <span class=\"vert_icon\"><\/span><span class=\"hor_icon\"><\/span><\/span><\/p>        <div id=\"toggle-id-31\" class=\"toggle_wrap \"   >            <div class=\"toggle_content invers-color \"  itemprop=\"text\"   ><p>Contenido del desplegable va aqu\u00ed<\/p>\n            <\/div>        <\/div>    <\/div><\/section>\n<section class=\"av_toggle_section\"  itemscope=\"itemscope\" itemtype=\"https:\/\/schema.org\/CreativeWork\"  >    <div role=\"tablist\" class=\"single_toggle\" data-tags=\"{All} \"  >        <p data-fake-id=\"#toggle-id-32\" class=\"toggler \"  itemprop=\"headline\"    role=\"tab\" tabindex=\"0\" aria-controls=\"toggle-id-32\">VOLCANES DESDE EL MAR<span class=\"toggle_icon\" >        <span class=\"vert_icon\"><\/span><span class=\"hor_icon\"><\/span><\/span><\/p>        <div id=\"toggle-id-32\" class=\"toggle_wrap \"   >            <div class=\"toggle_content invers-color \"  itemprop=\"text\"   ><p>Contenido del desplegable va aqu\u00ed<\/p>\n            <\/div>        <\/div>    <\/div><\/section>\n<\/div>\n","protected":false},"excerpt":{"rendered":"","protected":false},"author":2,"featured_media":0,"parent":0,"menu_order":0,"comment_status":"closed","ping_status":"closed","template":"","meta":{"_joinchat":[],"footnotes":""},"class_list":["post-257","page","type-page","status-publish","hentry"],"_links":{"self":[{"href":"https:\/\/www.subparke.es\/en\/wp-json\/wp\/v2\/pages\/257","targetHints":{"allow":["GET"]}}],"collection":[{"href":"https:\/\/www.subparke.es\/en\/wp-json\/wp\/v2\/pages"}],"about":[{"href":"https:\/\/www.subparke.es\/en\/wp-json\/wp\/v2\/types\/page"}],"author":[{"embeddable":true,"href":"https:\/\/www.subparke.es\/en\/wp-json\/wp\/v2\/users\/2"}],"replies":[{"embeddable":true,"href":"https:\/\/www.subparke.es\/en\/wp-json\/wp\/v2\/comments?post=257"}],"version-history":[{"count":17,"href":"https:\/\/www.subparke.es\/en\/wp-json\/wp\/v2\/pages\/257\/revisions"}],"predecessor-version":[{"id":7220,"href":"https:\/\/www.subparke.es\/en\/wp-json\/wp\/v2\/pages\/257\/revisions\/7220"}],"wp:attachment":[{"href":"https:\/\/www.subparke.es\/en\/wp-json\/wp\/v2\/media?parent=257"}],"curies":[{"name":"wp","href":"https:\/\/api.w.org\/{rel}","templated":true}]}}