{"id":440,"date":"2019-04-19T11:08:26","date_gmt":"2019-04-19T11:08:26","guid":{"rendered":"https:\/\/www.subparke.es\/?page_id=440"},"modified":"2022-07-25T18:25:59","modified_gmt":"2022-07-25T18:25:59","slug":"turismo-activo","status":"publish","type":"page","link":"https:\/\/www.subparke.es\/en\/turismo-activo\/","title":{"rendered":"Turismo de Naturaleza"},"content":{"rendered":"<div id='full_slider_1'  class='avia-fullwidth-slider main_color avia-shadow   avia-builder-el-0  el_before_av_one_half  avia-builder-el-first   container_wrap sidebar_right' style=' '  ><div   data-size='no scaling'  data-lightbox_size='large'  data-animation='slide'  data-conditional_play=''  data-ids='438'  data-video_counter='0'  data-autoplay='false'  data-bg_slider='false'  data-slide_height=''  data-handle='av_slideshow_full'  data-interval='5'  data-class=' '  data-el_id=''  data-css_id=''  data-scroll_down=''  data-control_layout='av-control-default'  data-custom_markup=''  data-perma_caption=''  data-autoplay_stopper=''  data-image_attachment=''  data-min_height='0px'  data-lazy_loading='disabled'  data-src=''  data-position='top left'  data-repeat='no-repeat'  data-attach='scroll'  data-stretch=''  class='avia-slideshow avia-slideshow-1  av-control-default av-default-height-applied avia-slideshow-no scaling av_slideshow_full   avia-slide-slider'  itemprop=\"image\" itemscope=\"itemscope\" itemtype=\"https:\/\/schema.org\/ImageObject\" ><ul class='avia-slideshow-inner' style='padding-bottom: 20.833333333333%;' ><li  class='av-single-slide slide-1' ><div data-rel='slideshow-1' class='avia-slide-wrap'   ><img decoding=\"async\" class=\"wp-image-438 avia-img-lazy-loading-not-438\"  src=\"https:\/\/www.subparke.es\/wp-content\/uploads\/2019\/04\/cab_turismo.jpg\" width=\"1920\" height=\"400\" title='cab_turismo' alt=''  itemprop=\"thumbnailUrl\" srcset=\"https:\/\/www.subparke.es\/wp-content\/uploads\/2019\/04\/cab_turismo.jpg 1920w, https:\/\/www.subparke.es\/wp-content\/uploads\/2019\/04\/cab_turismo-300x63.jpg 300w, https:\/\/www.subparke.es\/wp-content\/uploads\/2019\/04\/cab_turismo-768x160.jpg 768w, https:\/\/www.subparke.es\/wp-content\/uploads\/2019\/04\/cab_turismo-1030x215.jpg 1030w, https:\/\/www.subparke.es\/wp-content\/uploads\/2019\/04\/cab_turismo-1500x313.jpg 1500w, https:\/\/www.subparke.es\/wp-content\/uploads\/2019\/04\/cab_turismo-705x147.jpg 705w, https:\/\/www.subparke.es\/wp-content\/uploads\/2019\/04\/cab_turismo-450x94.jpg 450w\" sizes=\"(max-width: 1920px) 100vw, 1920px\" \/><\/div><\/li><\/ul><\/div><\/div><div id='after_full_slider_1'  class='main_color av_default_container_wrap container_wrap sidebar_right' style=' '  ><div class='container' ><div class='template-page content  av-content-small alpha units'><div class='post-entry post-entry-type-page post-entry-440'><div class='entry-content-wrapper clearfix'>\n<div class=\"flex_column av_one_half  flex_column_div av-zero-column-padding first  avia-builder-el-1  el_after_av_slideshow_full  el_before_av_one_half  avia-builder-el-first\" style='border-radius:0px; '><section class=\"av_textblock_section\"  itemscope=\"itemscope\" itemtype=\"https:\/\/schema.org\/CreativeWork\" ><div class='avia_textblock'   itemprop=\"text\" ><blockquote>\n<p>Probablemente el mejor ant\u00eddoto contra el aburrimiento y la inactividad<\/p>\n<\/blockquote>\n<p>Bienvenidos! Hab\u00e9is llegado a la secci\u00f3n que aglutina todas las actividades que ofrece Subparke Turismo de Naturaleza<\/p>\n<p>Especialmente dirigido para grupos, colegios, ayuntamientos, asociaciones etc, que busquen una alternativa diferente al tipico turismo de sol y playa y quieran disfrutar mas a fondo de los extraordinarios paisajes y rincones que nos ofrece el Parque Natural de Cabo de Gata-N\u00edjar.<br \/>\nHemos dise\u00f1ado un variado men\u00fa de actividades para que vuestra estancia con nosotros la record\u00e9is como una agradable Aventura<\/p>\n<p>Nuestros programas comprenden desde una sola jornada hasta 10 d\u00edas , con las m\u00e1s diversas actividades y opciones de alojamiento.<\/p>\n<p>En colaboraci\u00f3n con distintas empresas de la zona hemos completado un interesant\u00edsimo abanico de opciones con el fin de que se ajuste a la exigencias y posibilidades de nuestros potenciales clientes: apartamentos, hoteles camping. Bungalow, cortijos\u2026.<\/p>\n<p>Esperamos que se ajuste a vuestra expectativas y que juntos disfrutemos de d\u00edas inolvidables en este entorno \u00fanico en Europa.<\/p>\n<\/div><\/section><\/div>\n<div class=\"flex_column av_one_half  flex_column_div av-zero-column-padding   avia-builder-el-3  el_after_av_one_half  el_before_av_heading\" style='border-radius:0px; '><section class=\"av_textblock_section\"  itemscope=\"itemscope\" itemtype=\"https:\/\/schema.org\/CreativeWork\" ><div class='avia_textblock'  style='font-size:20px; '  itemprop=\"text\" ><p><strong>Activo:<\/strong> (<em>Del lat. Activus<\/em>)<\/p>\n<p style=\"padding-left: 40px;\">adj. Que obra o tiene virtud de obrar. Que obra prontamente o produce sin dilaci\u00f3n su efecto.<br \/>\nD\u00edcese de la persona mientras esta en movimiento.<\/p>\n<p><strong>Aventura<\/strong>: (<em>Del lat. Adventura.f de advenire, llegar, Suceder<\/em>).<\/p>\n<p style=\"padding-left: 40px;\">Acaecimiento, suceso o lance.<br \/>\nExtra\u00f1o, emocionante. Empresa de resultado<br \/>\nDivertido que presenta un peque\u00f1o riesgo.<br \/>\nRelaci\u00f3n amorosa ocasional<\/p>\n<p><strong>Naturaleza<\/strong>: (<em>Del lat. Natura.f de advenire, nacer, todo lo que existe<\/em>).<\/p>\n<p style=\"padding-left: 40px;\">Desarrollo y cambios que evidencian los seres vivos y los elementos que constituyen el entorno en un marco de libertad y espontaneidad.<\/p>\n<\/div><\/section><\/div>\n<div  style='padding-bottom:10px; ' class='av-special-heading av-special-heading-h3  blockquote modern-quote modern-centered  avia-builder-el-5  el_after_av_one_half  el_before_av_slideshow_accordion  avia-builder-el-last'><h3 class='av-special-heading-tag'  itemprop=\"headline\"  >Resumen de <u>actividades disponibles<\/u><\/h3><div class='special-heading-border'><div class='special-heading-inner-border' ><\/div><\/div><\/div>\n<div  id=\"accordion_slider_1\"  class='aviaccordion aviaccordion-title-no-mobile' style='max-height:430px' data-av-maxheight='430' data-autoplay='false' data-interval='5'   itemscope=\"itemscope\" itemtype=\"https:\/\/schema.org\/Blog\" ><ul class='aviaccordion-inner'><li class='aviaccordion-slide aviaccordion-slide-1' style='left:0%' data-av-left='0'  itemscope=\"itemscope\" itemtype=\"https:\/\/schema.org\/CreativeWork\" ><a class='aviaccordion-slide-link noHover' href=\"https:\/\/www.subparke.es\/en\/actividades-ta\/#01\"  ><div class='aviaccordion-preview' style='width:25.1%'><div class='aviaccordion-preview-title-pos'><div class='aviaccordion-preview-title-wrap'><div class='aviaccordion-preview-title'><h3 class='aviaccordion-title'  itemprop=\"headline\"  >Snorkel<\/h3><div class='aviaccordion-excerpt'   itemprop=\"text\" ><p>\nIntroducci\u00f3n a la respiraci\u00f3n con tubo y m\u00e1scara, para poder hacer apneas con seguridad y eficacia.<\/p>\n<\/div><\/div><\/div><\/div><\/div><img loading=\"lazy\" decoding=\"async\" width=\"1500\" height=\"430\" src=\"https:\/\/www.subparke.es\/wp-content\/uploads\/2019\/04\/01_snorkel-1500x430.jpg\" class=\"aviaccordion-image\" alt=\"\" \/><\/a><\/li><li class='aviaccordion-slide aviaccordion-slide-2' style='left:25%' data-av-left='25'  itemscope=\"itemscope\" itemtype=\"https:\/\/schema.org\/CreativeWork\" ><a class='aviaccordion-slide-link noHover' href=\"https:\/\/www.subparke.es\/en\/actividades-ta\/#02\"  ><div class='aviaccordion-preview' style='width:25.1%'><div class='aviaccordion-preview-title-pos'><div class='aviaccordion-preview-title-wrap'><div class='aviaccordion-preview-title'><h3 class='aviaccordion-title'  itemprop=\"headline\"  >Submarinismo<\/h3><div class='aviaccordion-excerpt'   itemprop=\"text\" ><p>\nInmersiones en las maravillosas aguas del Parque Natural<\/p>\n<\/div><\/div><\/div><\/div><\/div><img loading=\"lazy\" decoding=\"async\" width=\"1500\" height=\"430\" src=\"https:\/\/www.subparke.es\/wp-content\/uploads\/2019\/04\/02_submarinismo-1500x430.jpg\" class=\"aviaccordion-image\" alt=\"\" \/><\/a><\/li><li class='aviaccordion-slide aviaccordion-slide-3' style='left:50%' data-av-left='50'  itemscope=\"itemscope\" itemtype=\"https:\/\/schema.org\/CreativeWork\" ><a class='aviaccordion-slide-link noHover' href=\"https:\/\/www.subparke.es\/en\/actividades-ta\/#05\"  ><div class='aviaccordion-preview' style='width:25.1%'><div class='aviaccordion-preview-title-pos'><div class='aviaccordion-preview-title-wrap'><div class='aviaccordion-preview-title'><h3 class='aviaccordion-title'  itemprop=\"headline\"  >Rutas astroturismo<\/h3><div class='aviaccordion-excerpt'   itemprop=\"text\" ><p>\nExcursi\u00f3n por los lugares m\u00e1s interesantes y emblem\u00e1ticos del Parque<\/p>\n<\/div><\/div><\/div><\/div><\/div><img loading=\"lazy\" decoding=\"async\" width=\"1500\" height=\"430\" src=\"https:\/\/www.subparke.es\/wp-content\/uploads\/2021\/09\/astroturismo-1500x430.jpg\" class=\"aviaccordion-image\" alt=\"\" \/><\/a><\/li><li class='aviaccordion-slide aviaccordion-slide-4' style='left:75%' data-av-left='75'  itemscope=\"itemscope\" itemtype=\"https:\/\/schema.org\/CreativeWork\" ><a class='aviaccordion-slide-link noHover' href=\"https:\/\/www.subparke.es\/en\/actividades-ta\/#06\"  ><div class='aviaccordion-preview' style='width:25.1%'><div class='aviaccordion-preview-title-pos'><div class='aviaccordion-preview-title-wrap'><div class='aviaccordion-preview-title'><h3 class='aviaccordion-title'  itemprop=\"headline\"  >Rutas tem\u00e1ticas<\/h3><div class='aviaccordion-excerpt'   itemprop=\"text\" ><p>\nRutas guiadas en autob\u00fas o a pie por los lugares m\u00e1s representativos<\/p>\n<\/div><\/div><\/div><\/div><\/div><img loading=\"lazy\" decoding=\"async\" width=\"1500\" height=\"430\" src=\"https:\/\/www.subparke.es\/wp-content\/uploads\/2019\/04\/06_tematicas-1500x430.jpg\" class=\"aviaccordion-image\" alt=\"\" \/><\/a><\/li><\/ul><div class='aviaccordion-spacer' style='padding-bottom:28.666666666667%'><\/div><\/div>\n<div  id=\"accordion_slider_2\"  class='aviaccordion aviaccordion-title-no-mobile' style='max-height:430px' data-av-maxheight='430' data-autoplay='false' data-interval='5'   itemscope=\"itemscope\" itemtype=\"https:\/\/schema.org\/Blog\" ><ul class='aviaccordion-inner'><li class='aviaccordion-slide aviaccordion-slide-1' style='left:0%' data-av-left='0'  itemscope=\"itemscope\" itemtype=\"https:\/\/schema.org\/CreativeWork\" ><a class='aviaccordion-slide-link noHover' href=\"https:\/\/www.subparke.es\/en\/actividades-ta\/#07\"  ><div class='aviaccordion-preview' style='width:25.1%'><div class='aviaccordion-preview-title-pos'><div class='aviaccordion-preview-title-wrap'><div class='aviaccordion-preview-title'><h3 class='aviaccordion-title'  itemprop=\"headline\"  >Senderismo<\/h3><div class='aviaccordion-excerpt'   itemprop=\"text\" ><p>\nDiferentes rutas caminando para todos los niveles<\/p>\n<\/div><\/div><\/div><\/div><\/div><img loading=\"lazy\" decoding=\"async\" width=\"1500\" height=\"430\" src=\"https:\/\/www.subparke.es\/wp-content\/uploads\/2019\/04\/07_senderismo-1500x430.jpg\" class=\"aviaccordion-image\" alt=\"\" \/><\/a><\/li><li class='aviaccordion-slide aviaccordion-slide-2' style='left:25%' data-av-left='25'  itemscope=\"itemscope\" itemtype=\"https:\/\/schema.org\/CreativeWork\" ><a class='aviaccordion-slide-link noHover' href=\"https:\/\/www.subparke.es\/en\/actividades-ta\/#08\"  ><div class='aviaccordion-preview' style='width:25.1%'><div class='aviaccordion-preview-title-pos'><div class='aviaccordion-preview-title-wrap'><div class='aviaccordion-preview-title'><h3 class='aviaccordion-title'  itemprop=\"headline\"  >Parque aventura<\/h3><div class='aviaccordion-excerpt'   itemprop=\"text\" ><p>\nActividades al aire libre para grupos, empresas y colegios<\/p>\n<\/div><\/div><\/div><\/div><\/div><img loading=\"lazy\" decoding=\"async\" width=\"1500\" height=\"430\" src=\"https:\/\/www.subparke.es\/wp-content\/uploads\/2019\/04\/08_parqueaventura-1500x430.jpg\" class=\"aviaccordion-image\" alt=\"\" \/><\/a><\/li><li class='aviaccordion-slide aviaccordion-slide-3' style='left:50%' data-av-left='50'  itemscope=\"itemscope\" itemtype=\"https:\/\/schema.org\/CreativeWork\" ><a class='aviaccordion-slide-link noHover' href=\"https:\/\/www.subparke.es\/en\/actividades-ta\/#09\"  ><div class='aviaccordion-preview' style='width:25.1%'><div class='aviaccordion-preview-title-pos'><div class='aviaccordion-preview-title-wrap'><div class='aviaccordion-preview-title'><h3 class='aviaccordion-title'  itemprop=\"headline\"  >Tiro con Arco<\/h3><div class='aviaccordion-excerpt'   itemprop=\"text\" ><p>\nConvi\u00e9rtete en el Robin Hood del Parque<\/p>\n<\/div><\/div><\/div><\/div><\/div><img loading=\"lazy\" decoding=\"async\" width=\"1500\" height=\"430\" src=\"https:\/\/www.subparke.es\/wp-content\/uploads\/2019\/04\/09_tiroArco-1500x430.jpg\" class=\"aviaccordion-image\" alt=\"\" \/><\/a><\/li><li class='aviaccordion-slide aviaccordion-slide-4' style='left:75%' data-av-left='75'  itemscope=\"itemscope\" itemtype=\"https:\/\/schema.org\/CreativeWork\" ><a class='aviaccordion-slide-link noHover' href=\"https:\/\/www.subparke.es\/en\/actividades-ta\/#10\"  ><div class='aviaccordion-preview' style='width:25.1%'><div class='aviaccordion-preview-title-pos'><div class='aviaccordion-preview-title-wrap'><div class='aviaccordion-preview-title'><h3 class='aviaccordion-title'  itemprop=\"headline\"  >Senderismo interpretado<\/h3><div class='aviaccordion-excerpt'   itemprop=\"text\" ><p>\nJuego o carrera por equipos. Aprendizaje de br\u00fajula y lectura de mapas.<\/p>\n<\/div><\/div><\/div><\/div><\/div><img loading=\"lazy\" decoding=\"async\" width=\"1500\" height=\"430\" src=\"https:\/\/www.subparke.es\/wp-content\/uploads\/2019\/04\/10_orientacion-1500x430.jpg\" class=\"aviaccordion-image\" alt=\"\" \/><\/a><\/li><\/ul><div class='aviaccordion-spacer' style='padding-bottom:28.666666666667%'><\/div><\/div>\n<div id='av_section_1'  class='avia-section main_color avia-section-default avia-no-border-styling  avia-bg-style-scroll  avia-builder-el-8  el_after_av_slideshow_accordion  el_before_av_one_half   container_wrap sidebar_right' style=' '  ><div class='container' ><div class='template-page content  av-content-small alpha units'><div class='post-entry post-entry-type-page post-entry-440'><div class='entry-content-wrapper clearfix'>\n<div  style='padding-bottom:10px; ' class='av-special-heading av-special-heading-h2  blockquote modern-quote modern-centered  avia-builder-el-9  avia-builder-el-no-sibling'><h2 class='av-special-heading-tag'  itemprop=\"headline\"  >Actividades <u>espec\u00edficas<\/u><\/h2><div class='special-heading-border'><div class='special-heading-inner-border' ><\/div><\/div><\/div>\n<\/div><\/div><\/div><!-- close content main div --><\/div><\/div><div id='after_section_1'  class='main_color av_default_container_wrap container_wrap sidebar_right' style=' '  ><div class='container' ><div class='template-page content  av-content-small alpha units'><div class='post-entry post-entry-type-page post-entry-440'><div class='entry-content-wrapper clearfix'>\n<div class=\"flex_column av_one_half  flex_column_div av-zero-column-padding first  avia-builder-el-10  el_after_av_section  el_before_av_one_half  avia-builder-el-first\" style='border-radius:0px; '><p><div  style='padding-bottom:10px; ' class='av-special-heading av-special-heading-h3  blockquote modern-quote modern-centered  avia-builder-el-11  el_before_av_textblock  avia-builder-el-first'><h3 class='av-special-heading-tag'  itemprop=\"headline\"  >Jornadas de <u>educaci\u00f3n ambiental<\/u><\/h3><div class='special-heading-border'><div class='special-heading-inner-border' ><\/div><\/div><\/div><br \/>\n<section class=\"av_textblock_section\"  itemscope=\"itemscope\" itemtype=\"https:\/\/schema.org\/CreativeWork\" ><div class='avia_textblock'   itemprop=\"text\" ><p style=\"text-align: justify;\">Un espacio para desarrollar diferentes contenidos did\u00e1cticos en torno a la educaci\u00f3n ambiental orientada a los participantes y en un contexto donde conjugar la diversi\u00f3n, la creatividad, la solidaridad, el conocimiento, el af\u00e1n de superaci\u00f3n y el respeto al medio ambiente.<\/p>\n<\/div><\/section><\/p><\/div>\n<div class=\"flex_column av_one_half  flex_column_div av-zero-column-padding   avia-builder-el-13  el_after_av_one_half  el_before_av_one_half\" style='border-radius:0px; '><p><div  style='padding-bottom:10px; ' class='av-special-heading av-special-heading-h3  blockquote modern-quote modern-centered  avia-builder-el-14  el_before_av_textblock  avia-builder-el-first'><h3 class='av-special-heading-tag'  itemprop=\"headline\"  >Centros <u>educativos<\/u><\/h3><div class='special-heading-border'><div class='special-heading-inner-border' ><\/div><\/div><\/div><br \/>\n<section class=\"av_textblock_section\"  itemscope=\"itemscope\" itemtype=\"https:\/\/schema.org\/CreativeWork\" ><div class='avia_textblock'   itemprop=\"text\" ><p style=\"text-align: justify;\">Os proponemos una inolvidable experiencia multidisciplinar, en la que se han escogido las m\u00e1s interesantes actividades, entre el gran n\u00famero de posibilidades que ofrece El Cabo de Gata.<br \/>\nUn programa, en el que se conjugan actividades deportivas muy divertidas y de f\u00e1cil aprendizaje, para disfrutar desde el primer momento de un medio tan atractivo como es el mar y todo su entorno, con las visitas guiadas de mayor inter\u00e9s cultural y educativo.<br \/>\nEl cabo de gata es un entorno natural desconocido para muchos\/as personas, y por ello Complejo Turistico Los Escullos junto a Subparke quiere que desde el \u00e1mbito escolar todos los j\u00f3venes conozcan, de primera mano, el entorno que nos ofrece estas maravillosas tierras.<br \/>\nEl presente programa conjuga cultura y deporte, en lugares donde se han vivido \u00e9pocas trascendentales de nuestra historia m\u00e1s reciente y donde se inspiraron numerosos escritores como Federico Garc\u00eda Lorca, Goytisolo.<br \/>\nDada su alta protecci\u00f3n medioambiental Cabo de Gata se muestra tal y como ha sido siempre, permitiendo que s\u00f3lo el paso de los a\u00f1os y las condiciones clim\u00e1ticas lo modelen lentamente.<br \/>\nSon numerosos los a\u00f1os que Subparke y Complejo Turistico Los Escullos vienen realizando conjuntamente actividades de multiaventura y campamentos con j\u00f3venes de todo el territorio nacional, por lo que el aprendizaje constante ha hecho que elaboremos un programa acorde a cada grupo, pudiendo presentar jornadas para mayores, adultos\/as, j\u00f3venes y ni\u00f1os\/as. Tan s\u00f3lo tendr\u00e9is que elegir entre las propuestas que os vamos a presentar para elaborar el programa acorde a vuestras necesidades.<\/p>\n<\/div><\/section><\/p><\/div>\n<div class=\"flex_column av_one_half  flex_column_div av-zero-column-padding first  avia-builder-el-16  el_after_av_one_half  el_before_av_one_half  column-top-margin\" style='border-radius:0px; '><p><div  style='padding-bottom:10px; ' class='av-special-heading av-special-heading-h3  blockquote modern-quote modern-centered  avia-builder-el-17  el_before_av_textblock  avia-builder-el-first'><h3 class='av-special-heading-tag'  itemprop=\"headline\"  >Personas con <u>discapacidad<\/u><\/h3><div class='special-heading-border'><div class='special-heading-inner-border' ><\/div><\/div><\/div><br \/>\n<section class=\"av_textblock_section\"  itemscope=\"itemscope\" itemtype=\"https:\/\/schema.org\/CreativeWork\" ><div class='avia_textblock'   itemprop=\"text\" ><p style=\"text-align: justify;\">SUBPARKE es una empresa dedicada desde hace a\u00f1os a la realizaci\u00f3n de actividades de turismo activo y promoci\u00f3n del entorno dentro del Parque Natural de Cabo de Gata-N\u00edjar. Estamos situados en el coraz\u00f3n del parque natural, en el bello enclave de Rodalquilar. Desde el a\u00f1o 2001 nos dedicamos a realizar actividades tanto para publico en general como para centros educativos, asociaciones culturales, colectivos y asociaciones de personas con discapacidad, clubes deportivos, Ayuntamientos, comunidades aut\u00f3nomas, etc.<br \/>\nDesde nuestros comienzos hemos incluido todas las actividades que conforman nuestra oferta orientadas a las personas con discapacidad. Contamos para ello con instructores formados en el \u00e1mbito del buceo para discapacitados por la IAHD y DIBA. Esta formaci\u00f3n espec\u00edfica nos ha aportado la sensibilidad y preparaci\u00f3n necesaria para trabajar con este colectivo.<br \/>\nA nuestro equipo de guiase y monitores no les es ajeno el trato con personas discapacitados ya que desde la propia empresa se les ha incentivado para asistir a diferentes foros y jornadas relacionadas con actividades de turismo y ocio accesible adem\u00e1s de haber recibido formaci\u00f3n espec\u00edfica a cargo de la empresa.<br \/>\nNuestros programas van orientados a la inclusi\u00f3n social utilizando como herramienta actividades de turismo activo en el incomparable marco del P.N. Cabo de Gata-Nijar: el respeto, la concepci\u00f3n de la persona independientemente de sus capacidades, una relaci\u00f3n basada en la igualdad y el afecto adem\u00e1s de calidad y calidez son nuestra propuesta para romper las barreras que muchas veces se encuentran en un espacio natural protegido.<br \/>\nActualmente, Subparke Turismo Activo se presenta como una empresa de referencia en su sector gracias a su variada oferta de actividades, la formaci\u00f3n de sus empleados y su compromiso con la gesti\u00f3n medio ambiental y la calidad en el servicio.<br \/>\nEs esta variedad de recursos la que hemos querido aprovechar para dise\u00f1ar unas jornadas cuya finalidad b\u00e1sica es el cambio de valores y actitudes, concienciar en una nueva \u00e9tica que propicie la desaparici\u00f3n de barreras ya no tanto arquitect\u00f3nicas si no mentales , sin por ello dejar de lado la utilizaci\u00f3n directa del entorno ni el componente l\u00fadico recreativo que bajo nuestro punto de vista conlleva toda acci\u00f3n relacionada con el turismo accesible.<br \/>\nCon el siguiente programa SUBPARKE pretende reflejar su compromiso por proporcionar el acceso y disfrute de la naturaleza y del P.N de Cabo de Gata \u2013 Nijar a las personas que presenten mayores dificultades, ya sean f\u00edsicas o cognitivas.<br \/>\nEl objetivo principal del programa es divulgar el conocimiento, respeto y conservaci\u00f3n del entorno que nos rodean de un modo f\u00e1cil, asequible y divertido mediante una serie de actividades en la que los participantes se sientan protagonistas, formando actitudes de compromiso con el medio. Desde un enfoque l\u00fadico \u2013 recreativo, pero educativo, que no deja de lado la pr\u00e1ctica deportiva. Esto sumado a la experiencia y formaci\u00f3n de nuestro personal dan como resultado unas jornadas de calidad educativa e inolvidables para los participantes.<br \/>\nLos destinatarios de este programa son Asociaciones y Federaciones de usuarios discapacitados. Tambi\u00e9n tendr\u00e1 opci\u00f3n de participar los Centros Educativos de Educaci\u00f3n Especial, as\u00ed como otras entidades relacionadas con la integraci\u00f3n social de colectivos de discapacitados y con menores opciones de acceso y disfrute de Programas similares al que se presenta.<br \/>\nLos monitores y gu\u00edas ser\u00e1n monitores medioambientales, de tiempo libre y t\u00e9cnicos deportivos en ning\u00fan caso ser\u00e1n cuidadores, ni educadores sociales. Por ello el grupo deber\u00e1 ir acompa\u00f1ado por personal del colectivo que conozca los cuidados y\/o necesidades de atenci\u00f3n que espec\u00edficamente requieran los participantes. Se declina en este sentido toda responsabilidad relacionada con los cuidados y atenciones espec\u00edficas que requieran los usuarios.<br \/>\nNo todas las programaciones ofertadas las podr\u00e1n realizar cualquier colectivo, ya que la viabilidad de las mismas depender\u00e1 de la idiosincrasia de cada grupo de participantes.<\/p>\n<\/div><\/section><\/p><\/div>\n<div class=\"flex_column av_one_half  flex_column_div av-zero-column-padding   avia-builder-el-19  el_after_av_one_half  el_before_av_layout_row  avia-builder-el-last  column-top-margin\" style='border-radius:0px; '><p><div  style='padding-bottom:10px; ' class='av-special-heading av-special-heading-h3  blockquote modern-quote modern-centered  avia-builder-el-20  el_before_av_textblock  avia-builder-el-first'><h3 class='av-special-heading-tag'  itemprop=\"headline\"  >Actividades para <u>empresas<\/u><\/h3><div class='special-heading-border'><div class='special-heading-inner-border' ><\/div><\/div><\/div><br \/>\n<section class=\"av_textblock_section\"  itemscope=\"itemscope\" itemtype=\"https:\/\/schema.org\/CreativeWork\" ><div class='avia_textblock'   itemprop=\"text\" ><p style=\"text-align: justify;\">De todos es conocido, que d\u00eda a d\u00eda las empresas y con ellas sus trabajadores, deben tener una relaci\u00f3n m\u00e1s all\u00e1 de la laboral. Estudios de diversas universidades de todo el mundo han demostrado que la interrelaci\u00f3n de las empresas \u2013 los empresarios y los trabajadores llevadas fuera del entorno de trabajo hace comprender a los distintos niveles organizativos dentro de la misma el trabajo que desempe\u00f1an los otros compa\u00f1eros.<\/p>\n<p style=\"text-align: justify;\">En los momentos en los que nos encontramos, las empresas y sus trabajadores tienen que intensificar su labor y agudizar sus estrategias para poder frenar en lo posible la crisis actual; ello conlleva el esfuerzo extra que realizan los dirigentes empresariales y junto a ellos sus trabajadores\/as.<br \/>\nPor ello el poder despejarnos en un entorno fuera de lo cotidiano y a la vez poder utilizar estas actividades para luego optimizar el rendimiento de los\/las trabajadores\/as dentro de nuestra empresa hace que m\u00e1s que un mero d\u00eda de convivencia se convierta en una gratificante apuesta e inversi\u00f3n para el mejor y m\u00e1s c\u00f3modo rendimiento de nuestros trabajadores\/as.<br \/>\nSirva como ejemplo empresas que hacen habilitan una sala de ocio destinada al descanso laboral de sus empleados, para as\u00ed poder despejarse del trabajo cotidiano. En el caso que nos ocupa ser\u00e1 simplemente una convivencia que dar\u00e1 lugar a conocerse m\u00e1s y mejor fuera de nuestro entorno laboral.<br \/>\nEl objetivo de este programa es simplemente la convivencia de todo el personal de la empresa fuera del \u00e1mbito laboral, y a trav\u00e9s del deporte en la naturaleza realizar actividades de car\u00e1cter din\u00e1mico-grupales, donde al finalizar las jornadas podamos sacar conclusiones sobre el nivel de liderazgo, compa\u00f1erismo y car\u00e1cter individual de cada integrante.<br \/>\nEstos datos ser\u00e1n comunicados a los asistentes de dicha actividad de forma personalizada e individual y de forma colectiva a los empresarios si as\u00ed lo desean.<br \/>\nLa <strong>metodolog\u00eda<\/strong> a utilizar ser\u00e1 la definida a continuaci\u00f3n:<\/p>\n<ul>\n<li style=\"text-align: justify;\">A trav\u00e9s de las actividades comunes e individuales obtendremos el nivel de sacrificio e integraci\u00f3n en dichas actividades.<\/li>\n<li style=\"text-align: justify;\">Se realizar\u00e1n actividades colectivas-grupales para poder determinar el roll elegido por cada uno\/a.<\/li>\n<li style=\"text-align: justify;\">Las estrategias y su desarrollo se ver\u00e1n reflejadas en aquellas actividades con un fin competitivo tanto en el formato individual como en el colectivo.<br \/>\nLa convivencia fuera de las actividades (comidas, estancia, etc.) nos marcar\u00e1 el car\u00e1cter social de los integrantes al encontrarse con sus propios compa\u00f1eros en otro \u00e1mbito que no sea el meramente profesional.<\/li>\n<li style=\"text-align: justify;\">Todo ello DE UNA FORMA DIVERTIDA Y AMENA, dejar claro que las actividades y conceptos descritos en este programa no ser\u00e1n detectados por los integrantes de las actividades, siendo su \u00fanica misi\u00f3n el dar forma al programa.<br \/>\nLos\/las integrantes de dicha actividad s\u00f3lo deber\u00e1n de preocuparse de pas\u00e1rselo bien, divertirse y en definitiva pasar un fin de semana con los compa\u00f1eros de trabajo.<\/li>\n<li style=\"text-align: justify;\">Las estrategias metodol\u00f3gicas (norma de funcionamiento) de Subparke s\u00f3lo ser\u00e1n desveladas durante la realizaci\u00f3n de las mismas, no exponi\u00e9ndose antes para garantizar el \u00e9xito de las mismas.<\/li>\n<\/ul>\n<\/div><\/section><\/p><\/div>\n<\/div><\/div><\/div><!-- close content main div --><\/div><\/div><div id='welcome'  class='av-layout-grid-container entry-content-wrapper main_color av-fixed-cells     avia-builder-el-22  el_after_av_one_half  el_before_av_heading  submenu-not-first container_wrap sidebar_right' style=' '  >\n<div class=\"flex_cell no_margin av_one_fourth  avia-builder-el-23  el_before_av_cell_one_fourth  avia-builder-el-first   av-zero-padding\"  style='height:15px; min-height:15px;background: #0c7494; vertical-align:top; padding:0px; background-color:#0c7494; ' ><div class='flex_cell_inner' ><\/div><\/div><div class=\"flex_cell no_margin av_one_fourth  avia-builder-el-24  el_after_av_cell_one_fourth  el_before_av_cell_one_fourth   av-zero-padding\"  style='height:15px; min-height:15px;background: #109bc5; vertical-align:top; padding:0px; background-color:#109bc5; ' ><div class='flex_cell_inner' ><\/div><\/div><div class=\"flex_cell no_margin av_one_fourth  avia-builder-el-25  el_after_av_cell_one_fourth  el_before_av_cell_one_fourth   av-zero-padding\"  style='height:15px; min-height:15px;background: #70c3dc; vertical-align:top; padding:0px; background-color:#70c3dc; ' ><div class='flex_cell_inner' ><\/div><\/div><div class=\"flex_cell no_margin av_one_fourth  avia-builder-el-26  el_after_av_cell_one_fourth  avia-builder-el-last   av-zero-padding\"  style='height:15px; min-height:15px;background: #cfebf3; vertical-align:top; padding:0px; background-color:#cfebf3; ' ><div class='flex_cell_inner' ><\/div><\/div>\n<\/div><div id='after_submenu_1'  class='main_color av_default_container_wrap container_wrap sidebar_right' style=' '  ><div class='container' ><div class='template-page content  av-content-small alpha units'><div class='post-entry post-entry-type-page post-entry-440'><div class='entry-content-wrapper clearfix'>\n<div  style='padding-bottom:20px; font-size:50px;' class='av-special-heading av-special-heading-h1  blockquote modern-quote modern-centered  avia-builder-el-27  el_after_av_layout_row  el_before_av_masonry_entries  avia-builder-el-no-sibling  av-inherit-size'><h1 class='av-special-heading-tag'  itemprop=\"headline\"  >Actividades y cursos <u>disponibles<\/u><\/h1><div class='special-heading-border'><div class='special-heading-inner-border' ><\/div><\/div><\/div>\n<div id='actividades' class='av-masonry  noHover av-fixed-size av-1px-gap av-hover-overlay-active av-masonry-animation-active av-masonry-col-3 av-caption-always av-caption-style-overlay'  ><div class='av-masonry-container isotope av-js-disabled' ><div class='av-masonry-entry isotope-item av-masonry-item-no-image all_sort campamentos_sort  centro-buceo_sort  turismo-activo_sort'><\/div><a href=\"https:\/\/www.subparke.es\/en\/portfolio-item\/pide-tu-actividad\/\"  id='av-masonry-1-item-668' data-av-masonry-item='668' class='av-masonry-entry isotope-item post-668 portfolio type-portfolio status-publish has-post-thumbnail hentry portfolio_entries-campamentos portfolio_entries-centro-buceo portfolio_entries-turismo-activo all_sort campamentos_sort  centro-buceo_sort  turismo-activo_sort  av-masonry-item-with-image av-grid-img' title=\"pide_actividad0\"  itemscope=\"itemscope\" itemtype=\"https:\/\/schema.org\/CreativeWork\" ><div class='av-inner-masonry-sizer'><\/div><figure class='av-inner-masonry main_color'><div class=\"av-masonry-outerimage-container\"><div class=\"av-masonry-image-container\" style=\"background-image: url(https:\/\/www.subparke.es\/wp-content\/uploads\/2019\/04\/pide_actividad0.jpg);\" title=\"pide_actividad0\" ><\/div><\/div><figcaption class='av-inner-masonry-content site-background'><div class='av-inner-masonry-content-pos'><div class='av-inner-masonry-content-pos-content'><div class='avia-arrow'><\/div><h3 class='av-masonry-entry-title entry-title'  itemprop=\"headline\" >Pide tu actividad<\/h3><\/div><\/div><\/figcaption><\/figure><\/a><!--end av-masonry entry--><\/div><\/div>","protected":false},"excerpt":{"rendered":"","protected":false},"author":2,"featured_media":0,"parent":0,"menu_order":0,"comment_status":"closed","ping_status":"closed","template":"","meta":{"_joinchat":[],"footnotes":""},"class_list":["post-440","page","type-page","status-publish","hentry"],"_links":{"self":[{"href":"https:\/\/www.subparke.es\/en\/wp-json\/wp\/v2\/pages\/440","targetHints":{"allow":["GET"]}}],"collection":[{"href":"https:\/\/www.subparke.es\/en\/wp-json\/wp\/v2\/pages"}],"about":[{"href":"https:\/\/www.subparke.es\/en\/wp-json\/wp\/v2\/types\/page"}],"author":[{"embeddable":true,"href":"https:\/\/www.subparke.es\/en\/wp-json\/wp\/v2\/users\/2"}],"replies":[{"embeddable":true,"href":"https:\/\/www.subparke.es\/en\/wp-json\/wp\/v2\/comments?post=440"}],"version-history":[{"count":22,"href":"https:\/\/www.subparke.es\/en\/wp-json\/wp\/v2\/pages\/440\/revisions"}],"predecessor-version":[{"id":3346,"href":"https:\/\/www.subparke.es\/en\/wp-json\/wp\/v2\/pages\/440\/revisions\/3346"}],"wp:attachment":[{"href":"https:\/\/www.subparke.es\/en\/wp-json\/wp\/v2\/media?parent=440"}],"curies":[{"name":"wp","href":"https:\/\/api.w.org\/{rel}","templated":true}]}}